{"id":4616,"date":"2026-02-11T17:14:17","date_gmt":"2026-02-11T17:14:17","guid":{"rendered":"https:\/\/amniosarchitettura.it\/?post_type=portfolio&#038;p=4616"},"modified":"2026-03-02T09:04:41","modified_gmt":"2026-03-02T09:04:41","slug":"locazione-turistica-roma","status":"publish","type":"portfolio","link":"https:\/\/amniosarchitettura.it\/en\/portfolio\/locazione-turistica-roma\/","title":{"rendered":"Villa Pratolauro: Green Retreat in Rome"},"content":{"rendered":"<div data-elementor-type=\"wp-post\" data-elementor-id=\"4616\" class=\"elementor elementor-4616\">\n\t\t\t\t\t\t<section class=\"elementor-section elementor-top-section elementor-element elementor-element-3c46893 elementor-section-full_width elementor-section-height-default elementor-section-height-default\" data-id=\"3c46893\" data-element_type=\"section\">\n\t\t\t\t\t\t<div class=\"elementor-container elementor-column-gap-no\">\n\t\t\t\t\t<div class=\"elementor-column elementor-col-100 elementor-top-column elementor-element elementor-element-c3624fe\" data-id=\"c3624fe\" data-element_type=\"column\">\n\t\t\t<div class=\"elementor-widget-wrap elementor-element-populated\">\n\t\t\t\t\t\t<div class=\"elementor-element elementor-element-c0bb316 elementor-widget elementor-widget-image\" data-id=\"c0bb316\" data-element_type=\"widget\" data-widget_type=\"image.default\">\n\t\t\t\t\t\t\t\t\t\t\t\t\t\t\t<img fetchpriority=\"high\" decoding=\"async\" width=\"1920\" height=\"1440\" src=\"https:\/\/amniosarchitettura.it\/wp-content\/uploads\/2026\/02\/locazione-turistica-Roma.webp\" class=\"attachment-full size-full wp-image-4620\" alt=\"\" srcset=\"https:\/\/amniosarchitettura.it\/wp-content\/uploads\/2026\/02\/locazione-turistica-Roma.webp 1920w, https:\/\/amniosarchitettura.it\/wp-content\/uploads\/2026\/02\/locazione-turistica-Roma-300x225.webp 300w, https:\/\/amniosarchitettura.it\/wp-content\/uploads\/2026\/02\/locazione-turistica-Roma-1024x768.webp 1024w, https:\/\/amniosarchitettura.it\/wp-content\/uploads\/2026\/02\/locazione-turistica-Roma-768x576.webp 768w, https:\/\/amniosarchitettura.it\/wp-content\/uploads\/2026\/02\/locazione-turistica-Roma-1536x1152.webp 1536w, https:\/\/amniosarchitettura.it\/wp-content\/uploads\/2026\/02\/locazione-turistica-Roma-16x12.webp 16w\" sizes=\"(max-width: 1920px) 100vw, 1920px\" \/>\t\t\t\t\t\t\t\t\t\t\t\t\t\t\t<\/div>\n\t\t\t\t\t<\/div>\n\t\t<\/div>\n\t\t\t\t\t<\/div>\n\t\t<\/section>\n\t\t\t\t<section class=\"elementor-section elementor-top-section elementor-element elementor-element-ad1975d animated-fast elementor-section-full_width elementor-section-height-default elementor-section-height-default elementor-invisible\" data-id=\"ad1975d\" data-element_type=\"section\" data-settings=\"{&quot;animation&quot;:&quot;h-neuron-animation--fadeIn&quot;}\">\n\t\t\t\t\t\t<div class=\"elementor-container elementor-column-gap-extended\">\n\t\t\t\t\t<div class=\"elementor-column elementor-col-50 elementor-top-column elementor-element elementor-element-6b91d53\" data-id=\"6b91d53\" data-element_type=\"column\">\n\t\t\t<div class=\"elementor-widget-wrap elementor-element-populated\">\n\t\t\t\t\t\t<div class=\"elementor-element elementor-element-00cf782 elementor-widget elementor-widget-text-editor\" data-id=\"00cf782\" data-element_type=\"widget\" data-widget_type=\"text-editor.default\">\n\t\t\t\t\t\t\t\t\t<p>Villa Pratolauro is part of a complex of four semi-detached units, a real estate development initiated in 1999 with a new-build project on untouched land. Today, the villa is dedicated to short-term rentals, welcoming guests seeking an exclusive experience in the capital.<br \/><br \/>Located in Rome, within an oasis of the Roman countryside bordering the Marcigliana Natural Park, the property sits in a prestigious area with open views over the city. The project complies with the landscape protection regulations governing the site, while placing people at its centre. The architectural layout preserves typical forms, materials and finishes, maintaining a contemporary language even 25 years later.<br \/><br \/>The volumes are pure; lime-based plaster defines the surfaces; finishes in peperino stone and travertine remain timeless; the roof is clad in subtly variegated terracotta tiles; sandblasted brickwork is arranged in a precise grid; laminated timber roofs and underfloor heating complete the technical system. Above all, the villa exists in continuity with the outdoors \u2014 itself seamlessly connected to open fields, tree-lined horizons and panoramic views of the entire city, with sunset vistas.<\/p>\t\t\t\t\t\t\t\t<\/div>\n\t\t\t\t\t<\/div>\n\t\t<\/div>\n\t\t\t\t<div class=\"elementor-column elementor-col-50 elementor-top-column elementor-element elementor-element-df646ec\" data-id=\"df646ec\" data-element_type=\"column\">\n\t\t\t<div class=\"elementor-widget-wrap elementor-element-populated\">\n\t\t\t\t\t\t<div class=\"elementor-element elementor-element-9610297 elementor-widget elementor-widget-text-editor\" data-id=\"9610297\" data-element_type=\"widget\" data-widget_type=\"text-editor.default\">\n\t\t\t\t\t\t\t\t\t<p class=\"translation-block\">Relaxation is the guiding principle: generous, streamlined spaces, bespoke furniture, a panoramic patio, barbecue area, solarium, ping-pong zone, handcrafted swing, seating areas and dining tables. The amenities include two fireplaces, a Dolby surround projector, a gym and two pools: one semi-covered for swimming, the other a six-seat Jacuzzi for hydro-massage.<\/p><p>The Jacuzzi, added in 2024, was conceived to expand the villa\u2019s hospitality offering. Through VEPA panoramic glazing, an enclosed area was created that functions as a small private spa even in winter, transforming the stay into an exclusive experience.<\/p><p>Villa Pratolauro offers a holiday within a holiday: a place to reconnect with oneself, friends and family, in the heart of Rome.<\/p>\t\t\t\t\t\t\t\t<\/div>\n\t\t\t\t\t<\/div>\n\t\t<\/div>\n\t\t\t\t\t<\/div>\n\t\t<\/section>\n\t\t\t\t<section class=\"elementor-section elementor-top-section elementor-element elementor-element-bf86dcd elementor-section-full_width elementor-section-height-default elementor-section-height-default\" data-id=\"bf86dcd\" data-element_type=\"section\">\n\t\t\t\t\t\t<div class=\"elementor-container elementor-column-gap-no\">\n\t\t\t\t\t<div class=\"elementor-column elementor-col-100 elementor-top-column elementor-element elementor-element-af49abe\" data-id=\"af49abe\" data-element_type=\"column\">\n\t\t\t<div class=\"elementor-widget-wrap elementor-element-populated\">\n\t\t\t\t\t\t<div class=\"elementor-element elementor-element-205a526 animated-fast m-neuron-gallery--layout-masonry l-neuron-grid-wrapper--columns__2 l-neuron-grid-wrapper-tablet--columns__2 l-neuron-grid-wrapper-mobile--columns__2 m-neuron-gallery--overlay-none l-neuron-grid-wrapper--offset-no elementor-invisible elementor-widget elementor-widget-neuron-gallery\" data-id=\"205a526\" data-element_type=\"widget\" data-settings=\"{&quot;row_gap&quot;:{&quot;unit&quot;:&quot;px&quot;,&quot;size&quot;:30,&quot;sizes&quot;:[]},&quot;row_gap_tablet&quot;:{&quot;unit&quot;:&quot;rem&quot;,&quot;size&quot;:3.5,&quot;sizes&quot;:[]},&quot;row_gap_mobile&quot;:{&quot;unit&quot;:&quot;rem&quot;,&quot;size&quot;:2,&quot;sizes&quot;:[]},&quot;neuron_animations&quot;:&quot;h-neuron-animation--fadeIn&quot;,&quot;neuron_animations_duration&quot;:&quot;animated-fast&quot;,&quot;_animation&quot;:&quot;h-neuron-animation--fadeIn&quot;,&quot;layout&quot;:&quot;masonry&quot;,&quot;columns&quot;:&quot;2&quot;,&quot;columns_tablet&quot;:&quot;2&quot;,&quot;columns_mobile&quot;:&quot;2&quot;,&quot;carousel&quot;:&quot;no&quot;,&quot;animation_delay&quot;:0,&quot;image_animation_hover&quot;:&quot;none&quot;}\" data-widget_type=\"neuron-gallery.default\">\n\t\t\t\t<div class=\"elementor-widget-container\">\n\t\t\t\t\t\t\n\t\t\n\t\t\t\t<div class=\"l-neuron-grid\" data-masonry-id=\"25c793091eae299d81af02d8d4a76994\">\n\t\t\t\t\t\t\t\t\t\t\t<a class=\"l-neuron-grid__item m-neuron-gallery__item\" data-elementor-open-lightbox=\"yes\" data-elementor-lightbox-slideshow=\"all-205a526\" data-id=\"4629\" href=\"https:\/\/amniosarchitettura.it\/wp-content\/uploads\/2026\/02\/Villa-Pratolauro-Roma.webp\">\n\n\t\t\t\t\t\t\t<div class=\"m-neuron-gallery__inner\">\n\n\t\t\t\t\t\t\t\t\n\t\t\t\t\t\t\t\t<div class=\"m-neuron-gallery__thumbnail--link\">\n\t\t\t\t\t\t\t\t\t<div class=\"m-neuron-gallery__thumbnail\">\n\t\t\t\t\t\t\t\t\t\t<img decoding=\"async\" src=\"https:\/\/amniosarchitettura.it\/wp-content\/uploads\/2026\/02\/Villa-Pratolauro-Roma.webp\" \/>\n\t\t\t\t\t\t\t\t\t<\/div>\n\t\t\t\t\t\t\t\t\t\t\t\t\t\t\t\t\t<\/div>\n\t\t\t\t\t\t\t\t\n\t\t\t\t\t\t\t\t\n\t\t\t\t\t\t\t<\/div>\n\n\t\t\t\t\t\t<\/a>\n\n\t\t\t\t\t\t\n\t\t\t\t\t\t\t\t\t\t\t<a class=\"l-neuron-grid__item m-neuron-gallery__item\" data-elementor-open-lightbox=\"yes\" data-elementor-lightbox-slideshow=\"all-205a526\" data-id=\"4628\" href=\"https:\/\/amniosarchitettura.it\/wp-content\/uploads\/2026\/02\/Villa-Pratolauro-locazione-turistica.webp\">\n\n\t\t\t\t\t\t\t<div class=\"m-neuron-gallery__inner\">\n\n\t\t\t\t\t\t\t\t\n\t\t\t\t\t\t\t\t<div class=\"m-neuron-gallery__thumbnail--link\">\n\t\t\t\t\t\t\t\t\t<div class=\"m-neuron-gallery__thumbnail\">\n\t\t\t\t\t\t\t\t\t\t<img decoding=\"async\" src=\"https:\/\/amniosarchitettura.it\/wp-content\/uploads\/2026\/02\/Villa-Pratolauro-locazione-turistica.webp\" \/>\n\t\t\t\t\t\t\t\t\t<\/div>\n\t\t\t\t\t\t\t\t\t\t\t\t\t\t\t\t\t<\/div>\n\t\t\t\t\t\t\t\t\n\t\t\t\t\t\t\t\t\n\t\t\t\t\t\t\t<\/div>\n\n\t\t\t\t\t\t<\/a>\n\n\t\t\t\t\t\t\n\t\t\t\t\t\t\t\t\t\t\t<a class=\"l-neuron-grid__item m-neuron-gallery__item\" data-elementor-open-lightbox=\"yes\" data-elementor-lightbox-slideshow=\"all-205a526\" data-id=\"4622\" href=\"https:\/\/amniosarchitettura.it\/wp-content\/uploads\/2026\/02\/locazione-turistica.webp\">\n\n\t\t\t\t\t\t\t<div class=\"m-neuron-gallery__inner\">\n\n\t\t\t\t\t\t\t\t\n\t\t\t\t\t\t\t\t<div class=\"m-neuron-gallery__thumbnail--link\">\n\t\t\t\t\t\t\t\t\t<div class=\"m-neuron-gallery__thumbnail\">\n\t\t\t\t\t\t\t\t\t\t<img decoding=\"async\" src=\"https:\/\/amniosarchitettura.it\/wp-content\/uploads\/2026\/02\/locazione-turistica.webp\" \/>\n\t\t\t\t\t\t\t\t\t<\/div>\n\t\t\t\t\t\t\t\t\t\t\t\t\t\t\t\t\t<\/div>\n\t\t\t\t\t\t\t\t\n\t\t\t\t\t\t\t\t\n\t\t\t\t\t\t\t<\/div>\n\n\t\t\t\t\t\t<\/a>\n\n\t\t\t\t\t\t\n\t\t\t\t\t\t\t\t\t\t\t<a class=\"l-neuron-grid__item m-neuron-gallery__item\" data-elementor-open-lightbox=\"yes\" data-elementor-lightbox-slideshow=\"all-205a526\" data-id=\"4627\" href=\"https:\/\/amniosarchitettura.it\/wp-content\/uploads\/2026\/02\/Villa-Pratolauro-locazione-turistica-Roma.webp\">\n\n\t\t\t\t\t\t\t<div class=\"m-neuron-gallery__inner\">\n\n\t\t\t\t\t\t\t\t\n\t\t\t\t\t\t\t\t<div class=\"m-neuron-gallery__thumbnail--link\">\n\t\t\t\t\t\t\t\t\t<div class=\"m-neuron-gallery__thumbnail\">\n\t\t\t\t\t\t\t\t\t\t<img decoding=\"async\" src=\"https:\/\/amniosarchitettura.it\/wp-content\/uploads\/2026\/02\/Villa-Pratolauro-locazione-turistica-Roma.webp\" \/>\n\t\t\t\t\t\t\t\t\t<\/div>\n\t\t\t\t\t\t\t\t\t\t\t\t\t\t\t\t\t<\/div>\n\t\t\t\t\t\t\t\t\n\t\t\t\t\t\t\t\t\n\t\t\t\t\t\t\t<\/div>\n\n\t\t\t\t\t\t<\/a>\n\n\t\t\t\t\t\t\n\t\t\t\t\t\t\t\t\t\t\t<a class=\"l-neuron-grid__item m-neuron-gallery__item\" data-elementor-open-lightbox=\"yes\" data-elementor-lightbox-slideshow=\"all-205a526\" data-id=\"4633\" href=\"https:\/\/amniosarchitettura.it\/wp-content\/uploads\/2026\/02\/affitti-brevi-roma.webp\">\n\n\t\t\t\t\t\t\t<div class=\"m-neuron-gallery__inner\">\n\n\t\t\t\t\t\t\t\t\n\t\t\t\t\t\t\t\t<div class=\"m-neuron-gallery__thumbnail--link\">\n\t\t\t\t\t\t\t\t\t<div class=\"m-neuron-gallery__thumbnail\">\n\t\t\t\t\t\t\t\t\t\t<img decoding=\"async\" src=\"https:\/\/amniosarchitettura.it\/wp-content\/uploads\/2026\/02\/affitti-brevi-roma.webp\" \/>\n\t\t\t\t\t\t\t\t\t<\/div>\n\t\t\t\t\t\t\t\t\t\t\t\t\t\t\t\t\t<\/div>\n\t\t\t\t\t\t\t\t\n\t\t\t\t\t\t\t\t\n\t\t\t\t\t\t\t<\/div>\n\n\t\t\t\t\t\t<\/a>\n\n\t\t\t\t\t\t\n\t\t\t\t\t\t\t\t\t\t\t<a class=\"l-neuron-grid__item m-neuron-gallery__item\" data-elementor-open-lightbox=\"yes\" data-elementor-lightbox-slideshow=\"all-205a526\" data-id=\"4626\" href=\"https:\/\/amniosarchitettura.it\/wp-content\/uploads\/2026\/02\/Villa-affitti-brevi-roma.webp\">\n\n\t\t\t\t\t\t\t<div class=\"m-neuron-gallery__inner\">\n\n\t\t\t\t\t\t\t\t\n\t\t\t\t\t\t\t\t<div class=\"m-neuron-gallery__thumbnail--link\">\n\t\t\t\t\t\t\t\t\t<div class=\"m-neuron-gallery__thumbnail\">\n\t\t\t\t\t\t\t\t\t\t<img decoding=\"async\" src=\"https:\/\/amniosarchitettura.it\/wp-content\/uploads\/2026\/02\/Villa-affitti-brevi-roma.webp\" \/>\n\t\t\t\t\t\t\t\t\t<\/div>\n\t\t\t\t\t\t\t\t\t\t\t\t\t\t\t\t\t<\/div>\n\t\t\t\t\t\t\t\t\n\t\t\t\t\t\t\t\t\n\t\t\t\t\t\t\t<\/div>\n\n\t\t\t\t\t\t<\/a>\n\n\t\t\t\t\t\t\n\t\t\t\t\t\t\t\t\t\t\t<a class=\"l-neuron-grid__item m-neuron-gallery__item\" data-elementor-open-lightbox=\"yes\" data-elementor-lightbox-slideshow=\"all-205a526\" data-id=\"4632\" href=\"https:\/\/amniosarchitettura.it\/wp-content\/uploads\/2026\/02\/Affitti-brevi-ristrutturazione.webp\">\n\n\t\t\t\t\t\t\t<div class=\"m-neuron-gallery__inner\">\n\n\t\t\t\t\t\t\t\t\n\t\t\t\t\t\t\t\t<div class=\"m-neuron-gallery__thumbnail--link\">\n\t\t\t\t\t\t\t\t\t<div class=\"m-neuron-gallery__thumbnail\">\n\t\t\t\t\t\t\t\t\t\t<img decoding=\"async\" src=\"https:\/\/amniosarchitettura.it\/wp-content\/uploads\/2026\/02\/Affitti-brevi-ristrutturazione.webp\" \/>\n\t\t\t\t\t\t\t\t\t<\/div>\n\t\t\t\t\t\t\t\t\t\t\t\t\t\t\t\t\t<\/div>\n\t\t\t\t\t\t\t\t\n\t\t\t\t\t\t\t\t\n\t\t\t\t\t\t\t<\/div>\n\n\t\t\t\t\t\t<\/a>\n\n\t\t\t\t\t\t\n\t\t\t\t\t\t\t\t\t\t\t<a class=\"l-neuron-grid__item m-neuron-gallery__item\" data-elementor-open-lightbox=\"yes\" data-elementor-lightbox-slideshow=\"all-205a526\" data-id=\"4621\" href=\"https:\/\/amniosarchitettura.it\/wp-content\/uploads\/2026\/02\/locazione-turistica-villa-ristrutturata.webp\">\n\n\t\t\t\t\t\t\t<div class=\"m-neuron-gallery__inner\">\n\n\t\t\t\t\t\t\t\t\n\t\t\t\t\t\t\t\t<div class=\"m-neuron-gallery__thumbnail--link\">\n\t\t\t\t\t\t\t\t\t<div class=\"m-neuron-gallery__thumbnail\">\n\t\t\t\t\t\t\t\t\t\t<img decoding=\"async\" src=\"https:\/\/amniosarchitettura.it\/wp-content\/uploads\/2026\/02\/locazione-turistica-villa-ristrutturata.webp\" \/>\n\t\t\t\t\t\t\t\t\t<\/div>\n\t\t\t\t\t\t\t\t\t\t\t\t\t\t\t\t\t<\/div>\n\t\t\t\t\t\t\t\t\n\t\t\t\t\t\t\t\t\n\t\t\t\t\t\t\t<\/div>\n\n\t\t\t\t\t\t<\/a>\n\n\t\t\t\t\t\t\n\t\t\t\t\t\t\t\t\t\t\t<a class=\"l-neuron-grid__item m-neuron-gallery__item\" data-elementor-open-lightbox=\"yes\" data-elementor-lightbox-slideshow=\"all-205a526\" data-id=\"4634\" href=\"https:\/\/amniosarchitettura.it\/wp-content\/uploads\/2026\/02\/architettura-affitti-brevi-roma.webp\">\n\n\t\t\t\t\t\t\t<div class=\"m-neuron-gallery__inner\">\n\n\t\t\t\t\t\t\t\t\n\t\t\t\t\t\t\t\t<div class=\"m-neuron-gallery__thumbnail--link\">\n\t\t\t\t\t\t\t\t\t<div class=\"m-neuron-gallery__thumbnail\">\n\t\t\t\t\t\t\t\t\t\t<img decoding=\"async\" src=\"https:\/\/amniosarchitettura.it\/wp-content\/uploads\/2026\/02\/architettura-affitti-brevi-roma.webp\" \/>\n\t\t\t\t\t\t\t\t\t<\/div>\n\t\t\t\t\t\t\t\t\t\t\t\t\t\t\t\t\t<\/div>\n\t\t\t\t\t\t\t\t\n\t\t\t\t\t\t\t\t\n\t\t\t\t\t\t\t<\/div>\n\n\t\t\t\t\t\t<\/a>\n\n\t\t\t\t\t\t\n\t\t\t\t\t\t\t\t\t\t\t<a class=\"l-neuron-grid__item m-neuron-gallery__item\" data-elementor-open-lightbox=\"yes\" data-elementor-lightbox-slideshow=\"all-205a526\" data-id=\"4635\" href=\"https:\/\/amniosarchitettura.it\/wp-content\/uploads\/2026\/02\/bagno-locazione-turistica-design.webp\">\n\n\t\t\t\t\t\t\t<div class=\"m-neuron-gallery__inner\">\n\n\t\t\t\t\t\t\t\t\n\t\t\t\t\t\t\t\t<div class=\"m-neuron-gallery__thumbnail--link\">\n\t\t\t\t\t\t\t\t\t<div class=\"m-neuron-gallery__thumbnail\">\n\t\t\t\t\t\t\t\t\t\t<img decoding=\"async\" src=\"https:\/\/amniosarchitettura.it\/wp-content\/uploads\/2026\/02\/bagno-locazione-turistica-design.webp\" \/>\n\t\t\t\t\t\t\t\t\t<\/div>\n\t\t\t\t\t\t\t\t\t\t\t\t\t\t\t\t\t<\/div>\n\t\t\t\t\t\t\t\t\n\t\t\t\t\t\t\t\t\n\t\t\t\t\t\t\t<\/div>\n\n\t\t\t\t\t\t<\/a>\n\n\t\t\t\t\t\t\n\t\t\t\t\t\t\t\t\t\t\t<a class=\"l-neuron-grid__item m-neuron-gallery__item\" data-elementor-open-lightbox=\"yes\" data-elementor-lightbox-slideshow=\"all-205a526\" data-id=\"4637\" href=\"https:\/\/amniosarchitettura.it\/wp-content\/uploads\/2026\/02\/camera-affitti-brevi.webp\">\n\n\t\t\t\t\t\t\t<div class=\"m-neuron-gallery__inner\">\n\n\t\t\t\t\t\t\t\t\n\t\t\t\t\t\t\t\t<div class=\"m-neuron-gallery__thumbnail--link\">\n\t\t\t\t\t\t\t\t\t<div class=\"m-neuron-gallery__thumbnail\">\n\t\t\t\t\t\t\t\t\t\t<img decoding=\"async\" src=\"https:\/\/amniosarchitettura.it\/wp-content\/uploads\/2026\/02\/camera-affitti-brevi.webp\" \/>\n\t\t\t\t\t\t\t\t\t<\/div>\n\t\t\t\t\t\t\t\t\t\t\t\t\t\t\t\t\t<\/div>\n\t\t\t\t\t\t\t\t\n\t\t\t\t\t\t\t\t\n\t\t\t\t\t\t\t<\/div>\n\n\t\t\t\t\t\t<\/a>\n\n\t\t\t\t\t\t\n\t\t\t\t\t\t\t\t\t\t\t<a class=\"l-neuron-grid__item m-neuron-gallery__item\" data-elementor-open-lightbox=\"yes\" data-elementor-lightbox-slideshow=\"all-205a526\" data-id=\"4617\" href=\"https:\/\/amniosarchitettura.it\/wp-content\/uploads\/2026\/02\/camera-roma-design.webp\">\n\n\t\t\t\t\t\t\t<div class=\"m-neuron-gallery__inner\">\n\n\t\t\t\t\t\t\t\t\n\t\t\t\t\t\t\t\t<div class=\"m-neuron-gallery__thumbnail--link\">\n\t\t\t\t\t\t\t\t\t<div class=\"m-neuron-gallery__thumbnail\">\n\t\t\t\t\t\t\t\t\t\t<img decoding=\"async\" src=\"https:\/\/amniosarchitettura.it\/wp-content\/uploads\/2026\/02\/camera-roma-design.webp\" \/>\n\t\t\t\t\t\t\t\t\t<\/div>\n\t\t\t\t\t\t\t\t\t\t\t\t\t\t\t\t\t<\/div>\n\t\t\t\t\t\t\t\t\n\t\t\t\t\t\t\t\t\n\t\t\t\t\t\t\t<\/div>\n\n\t\t\t\t\t\t<\/a>\n\n\t\t\t\t\t\t\n\t\t\t\t\t\t\t\t\t\t\t<a class=\"l-neuron-grid__item m-neuron-gallery__item\" data-elementor-open-lightbox=\"yes\" data-elementor-lightbox-slideshow=\"all-205a526\" data-id=\"4630\" href=\"https:\/\/amniosarchitettura.it\/wp-content\/uploads\/2026\/02\/villa-roma-design.webp\">\n\n\t\t\t\t\t\t\t<div class=\"m-neuron-gallery__inner\">\n\n\t\t\t\t\t\t\t\t\n\t\t\t\t\t\t\t\t<div class=\"m-neuron-gallery__thumbnail--link\">\n\t\t\t\t\t\t\t\t\t<div class=\"m-neuron-gallery__thumbnail\">\n\t\t\t\t\t\t\t\t\t\t<img decoding=\"async\" src=\"https:\/\/amniosarchitettura.it\/wp-content\/uploads\/2026\/02\/villa-roma-design.webp\" \/>\n\t\t\t\t\t\t\t\t\t<\/div>\n\t\t\t\t\t\t\t\t\t\t\t\t\t\t\t\t\t<\/div>\n\t\t\t\t\t\t\t\t\n\t\t\t\t\t\t\t\t\n\t\t\t\t\t\t\t<\/div>\n\n\t\t\t\t\t\t<\/a>\n\n\t\t\t\t\t\t\n\t\t\t\t\t\t\t\t\t\t\t<a class=\"l-neuron-grid__item m-neuron-gallery__item\" data-elementor-open-lightbox=\"yes\" data-elementor-lightbox-slideshow=\"all-205a526\" data-id=\"4623\" href=\"https:\/\/amniosarchitettura.it\/wp-content\/uploads\/2026\/02\/patio-locazione-turistica.webp\">\n\n\t\t\t\t\t\t\t<div class=\"m-neuron-gallery__inner\">\n\n\t\t\t\t\t\t\t\t\n\t\t\t\t\t\t\t\t<div class=\"m-neuron-gallery__thumbnail--link\">\n\t\t\t\t\t\t\t\t\t<div class=\"m-neuron-gallery__thumbnail\">\n\t\t\t\t\t\t\t\t\t\t<img decoding=\"async\" src=\"https:\/\/amniosarchitettura.it\/wp-content\/uploads\/2026\/02\/patio-locazione-turistica.webp\" \/>\n\t\t\t\t\t\t\t\t\t<\/div>\n\t\t\t\t\t\t\t\t\t\t\t\t\t\t\t\t\t<\/div>\n\t\t\t\t\t\t\t\t\n\t\t\t\t\t\t\t\t\n\t\t\t\t\t\t\t<\/div>\n\n\t\t\t\t\t\t<\/a>\n\n\t\t\t\t\t\t\n\t\t\t\t\t\t\t\t\t\t\t<a class=\"l-neuron-grid__item m-neuron-gallery__item\" data-elementor-open-lightbox=\"yes\" data-elementor-lightbox-slideshow=\"all-205a526\" data-id=\"4624\" href=\"https:\/\/amniosarchitettura.it\/wp-content\/uploads\/2026\/02\/patio-villa-affitti-brevi.webp\">\n\n\t\t\t\t\t\t\t<div class=\"m-neuron-gallery__inner\">\n\n\t\t\t\t\t\t\t\t\n\t\t\t\t\t\t\t\t<div class=\"m-neuron-gallery__thumbnail--link\">\n\t\t\t\t\t\t\t\t\t<div class=\"m-neuron-gallery__thumbnail\">\n\t\t\t\t\t\t\t\t\t\t<img decoding=\"async\" src=\"https:\/\/amniosarchitettura.it\/wp-content\/uploads\/2026\/02\/patio-villa-affitti-brevi.webp\" \/>\n\t\t\t\t\t\t\t\t\t<\/div>\n\t\t\t\t\t\t\t\t\t\t\t\t\t\t\t\t\t<\/div>\n\t\t\t\t\t\t\t\t\n\t\t\t\t\t\t\t\t\n\t\t\t\t\t\t\t<\/div>\n\n\t\t\t\t\t\t<\/a>\n\n\t\t\t\t\t\t\n\t\t\t\t\t\t\t\t\t\t\t<a class=\"l-neuron-grid__item m-neuron-gallery__item\" data-elementor-open-lightbox=\"yes\" data-elementor-lightbox-slideshow=\"all-205a526\" data-id=\"4636\" href=\"https:\/\/amniosarchitettura.it\/wp-content\/uploads\/2026\/02\/barbeque-locazione-turistica-roma.webp\">\n\n\t\t\t\t\t\t\t<div class=\"m-neuron-gallery__inner\">\n\n\t\t\t\t\t\t\t\t\n\t\t\t\t\t\t\t\t<div class=\"m-neuron-gallery__thumbnail--link\">\n\t\t\t\t\t\t\t\t\t<div class=\"m-neuron-gallery__thumbnail\">\n\t\t\t\t\t\t\t\t\t\t<img decoding=\"async\" src=\"https:\/\/amniosarchitettura.it\/wp-content\/uploads\/2026\/02\/barbeque-locazione-turistica-roma.webp\" \/>\n\t\t\t\t\t\t\t\t\t<\/div>\n\t\t\t\t\t\t\t\t\t\t\t\t\t\t\t\t\t<\/div>\n\t\t\t\t\t\t\t\t\n\t\t\t\t\t\t\t\t\n\t\t\t\t\t\t\t<\/div>\n\n\t\t\t\t\t\t<\/a>\n\n\t\t\t\t\t\t\n\t\t\t\t\t\t\t\t\t\t\t<a class=\"l-neuron-grid__item m-neuron-gallery__item\" data-elementor-open-lightbox=\"yes\" data-elementor-lightbox-slideshow=\"all-205a526\" data-id=\"4618\" href=\"https:\/\/amniosarchitettura.it\/wp-content\/uploads\/2026\/02\/Jacuzzi-locazione-turistica-scaled.webp\">\n\n\t\t\t\t\t\t\t<div class=\"m-neuron-gallery__inner\">\n\n\t\t\t\t\t\t\t\t\n\t\t\t\t\t\t\t\t<div class=\"m-neuron-gallery__thumbnail--link\">\n\t\t\t\t\t\t\t\t\t<div class=\"m-neuron-gallery__thumbnail\">\n\t\t\t\t\t\t\t\t\t\t<img decoding=\"async\" src=\"https:\/\/amniosarchitettura.it\/wp-content\/uploads\/2026\/02\/Jacuzzi-locazione-turistica-scaled.webp\" alt=\"affitti brevi\" \/>\n\t\t\t\t\t\t\t\t\t<\/div>\n\t\t\t\t\t\t\t\t\t\t\t\t\t\t\t\t\t<\/div>\n\t\t\t\t\t\t\t\t\n\t\t\t\t\t\t\t\t\n\t\t\t\t\t\t\t<\/div>\n\n\t\t\t\t\t\t<\/a>\n\n\t\t\t\t\t\t\n\t\t\t\t\t\t\t\t\t\t\t<a class=\"l-neuron-grid__item m-neuron-gallery__item\" data-elementor-open-lightbox=\"yes\" data-elementor-lightbox-slideshow=\"all-205a526\" data-id=\"4625\" href=\"https:\/\/amniosarchitettura.it\/wp-content\/uploads\/2026\/02\/piscina-affitti-brevi.webp\">\n\n\t\t\t\t\t\t\t<div class=\"m-neuron-gallery__inner\">\n\n\t\t\t\t\t\t\t\t\n\t\t\t\t\t\t\t\t<div class=\"m-neuron-gallery__thumbnail--link\">\n\t\t\t\t\t\t\t\t\t<div class=\"m-neuron-gallery__thumbnail\">\n\t\t\t\t\t\t\t\t\t\t<img decoding=\"async\" src=\"https:\/\/amniosarchitettura.it\/wp-content\/uploads\/2026\/02\/piscina-affitti-brevi.webp\" \/>\n\t\t\t\t\t\t\t\t\t<\/div>\n\t\t\t\t\t\t\t\t\t\t\t\t\t\t\t\t\t<\/div>\n\t\t\t\t\t\t\t\t\n\t\t\t\t\t\t\t\t\n\t\t\t\t\t\t\t<\/div>\n\n\t\t\t\t\t\t<\/a>\n\n\t\t\t\t\t\t\n\t\t\t\t\t\t\t\t\t\t\t<a class=\"l-neuron-grid__item m-neuron-gallery__item\" data-elementor-open-lightbox=\"yes\" data-elementor-lightbox-slideshow=\"all-205a526\" data-id=\"4619\" href=\"https:\/\/amniosarchitettura.it\/wp-content\/uploads\/2026\/02\/locazione-turistica-con-cinema-roma.webp\">\n\n\t\t\t\t\t\t\t<div class=\"m-neuron-gallery__inner\">\n\n\t\t\t\t\t\t\t\t\n\t\t\t\t\t\t\t\t<div class=\"m-neuron-gallery__thumbnail--link\">\n\t\t\t\t\t\t\t\t\t<div class=\"m-neuron-gallery__thumbnail\">\n\t\t\t\t\t\t\t\t\t\t<img decoding=\"async\" src=\"https:\/\/amniosarchitettura.it\/wp-content\/uploads\/2026\/02\/locazione-turistica-con-cinema-roma.webp\" \/>\n\t\t\t\t\t\t\t\t\t<\/div>\n\t\t\t\t\t\t\t\t\t\t\t\t\t\t\t\t\t<\/div>\n\t\t\t\t\t\t\t\t\n\t\t\t\t\t\t\t\t\n\t\t\t\t\t\t\t<\/div>\n\n\t\t\t\t\t\t<\/a>\n\n\t\t\t\t\t\t\n\t\t\t\t\t\t\t\t\t\t\t<a class=\"l-neuron-grid__item m-neuron-gallery__item\" data-elementor-open-lightbox=\"yes\" data-elementor-lightbox-slideshow=\"all-205a526\" data-id=\"4631\" href=\"https:\/\/amniosarchitettura.it\/wp-content\/uploads\/2026\/02\/affitti-brevi-casa-design.webp\">\n\n\t\t\t\t\t\t\t<div class=\"m-neuron-gallery__inner\">\n\n\t\t\t\t\t\t\t\t\n\t\t\t\t\t\t\t\t<div class=\"m-neuron-gallery__thumbnail--link\">\n\t\t\t\t\t\t\t\t\t<div class=\"m-neuron-gallery__thumbnail\">\n\t\t\t\t\t\t\t\t\t\t<img decoding=\"async\" src=\"https:\/\/amniosarchitettura.it\/wp-content\/uploads\/2026\/02\/affitti-brevi-casa-design.webp\" \/>\n\t\t\t\t\t\t\t\t\t<\/div>\n\t\t\t\t\t\t\t\t\t\t\t\t\t\t\t\t\t<\/div>\n\t\t\t\t\t\t\t\t\n\t\t\t\t\t\t\t\t\n\t\t\t\t\t\t\t<\/div>\n\n\t\t\t\t\t\t<\/a>\n\n\t\t\t\t\t\t\n\t\t\t\t\t\t\t\t\t<\/div>\n\n\t\t\t\t\t\t\t\t\t<\/div>\n\t\t\t\t<\/div>\n\t\t\t\t\t<\/div>\n\t\t<\/div>\n\t\t\t\t\t<\/div>\n\t\t<\/section>\n\t\t\t\t<\/div>","protected":false},"excerpt":{"rendered":"<p>Villa Pratolauro fa parte di un complesso di 4 unit\u00e0, porzioni di bifamiliari, la cui operazione immobiliare \u00e8 partita nel 1999 con la progettazione ex novo su terreno vergine. Oggi la villa \u00e8 destinata agli affitti brevi, accogliendo ospiti in cerca di un&#8217;esperienza esclusiva nella capitale. Siamo a Roma, in un&#8217;oasi dell&#8217;agro romano a ridosso&#8230;<\/p>","protected":false},"author":2,"featured_media":4620,"comment_status":"closed","ping_status":"closed","template":"","meta":{"footnotes":""},"portfolio_category":[47],"portfolio_tag":[],"class_list":["post-4616","portfolio","type-portfolio","status-publish","has-post-thumbnail","hentry","portfolio_category-ospitalita"],"_links":{"self":[{"href":"https:\/\/amniosarchitettura.it\/en\/wp-json\/wp\/v2\/portfolio\/4616","targetHints":{"allow":["GET"]}}],"collection":[{"href":"https:\/\/amniosarchitettura.it\/en\/wp-json\/wp\/v2\/portfolio"}],"about":[{"href":"https:\/\/amniosarchitettura.it\/en\/wp-json\/wp\/v2\/types\/portfolio"}],"author":[{"embeddable":true,"href":"https:\/\/amniosarchitettura.it\/en\/wp-json\/wp\/v2\/users\/2"}],"replies":[{"embeddable":true,"href":"https:\/\/amniosarchitettura.it\/en\/wp-json\/wp\/v2\/comments?post=4616"}],"version-history":[{"count":19,"href":"https:\/\/amniosarchitettura.it\/en\/wp-json\/wp\/v2\/portfolio\/4616\/revisions"}],"predecessor-version":[{"id":5611,"href":"https:\/\/amniosarchitettura.it\/en\/wp-json\/wp\/v2\/portfolio\/4616\/revisions\/5611"}],"wp:featuredmedia":[{"embeddable":true,"href":"https:\/\/amniosarchitettura.it\/en\/wp-json\/wp\/v2\/media\/4620"}],"wp:attachment":[{"href":"https:\/\/amniosarchitettura.it\/en\/wp-json\/wp\/v2\/media?parent=4616"}],"wp:term":[{"taxonomy":"portfolio_category","embeddable":true,"href":"https:\/\/amniosarchitettura.it\/en\/wp-json\/wp\/v2\/portfolio_category?post=4616"},{"taxonomy":"portfolio_tag","embeddable":true,"href":"https:\/\/amniosarchitettura.it\/en\/wp-json\/wp\/v2\/portfolio_tag?post=4616"}],"curies":[{"name":"wp","href":"https:\/\/api.w.org\/{rel}","templated":true}]}}