{"id":4283,"date":"2026-01-30T14:35:19","date_gmt":"2026-01-30T14:35:19","guid":{"rendered":"https:\/\/amniosarchitettura.it\/portfolio\/station-to-station-affittacamere-a-roma-termini\/"},"modified":"2026-02-26T15:23:10","modified_gmt":"2026-02-26T15:23:10","slug":"casa-verde-casa-vacanze-roma-progetto-architettura","status":"publish","type":"portfolio","link":"https:\/\/amniosarchitettura.it\/en\/portfolio\/casa-verde-casa-vacanze-roma-progetto-architettura\/","title":{"rendered":"Green House: Holiday Home in Rome"},"content":{"rendered":"<div data-elementor-type=\"wp-post\" data-elementor-id=\"4283\" class=\"elementor elementor-4283\">\n\t\t\t\t\t\t<section class=\"elementor-section elementor-top-section elementor-element elementor-element-3c46893 elementor-section-full_width elementor-section-height-default elementor-section-height-default\" data-id=\"3c46893\" data-element_type=\"section\">\n\t\t\t\t\t\t<div class=\"elementor-container elementor-column-gap-no\">\n\t\t\t\t\t<div class=\"elementor-column elementor-col-100 elementor-top-column elementor-element elementor-element-c3624fe\" data-id=\"c3624fe\" data-element_type=\"column\">\n\t\t\t<div class=\"elementor-widget-wrap elementor-element-populated\">\n\t\t\t\t\t\t<div class=\"elementor-element elementor-element-c0bb316 elementor-widget elementor-widget-image\" data-id=\"c0bb316\" data-element_type=\"widget\" data-widget_type=\"image.default\">\n\t\t\t\t\t\t\t\t\t\t\t\t\t\t\t<img fetchpriority=\"high\" decoding=\"async\" width=\"1280\" height=\"1920\" src=\"https:\/\/amniosarchitettura.it\/wp-content\/uploads\/2026\/01\/A.webp\" class=\"attachment-2048x2048 size-2048x2048 wp-image-4809\" alt=\"\" srcset=\"https:\/\/amniosarchitettura.it\/wp-content\/uploads\/2026\/01\/A.webp 1280w, https:\/\/amniosarchitettura.it\/wp-content\/uploads\/2026\/01\/A-200x300.webp 200w, https:\/\/amniosarchitettura.it\/wp-content\/uploads\/2026\/01\/A-683x1024.webp 683w, https:\/\/amniosarchitettura.it\/wp-content\/uploads\/2026\/01\/A-768x1152.webp 768w, https:\/\/amniosarchitettura.it\/wp-content\/uploads\/2026\/01\/A-1024x1536.webp 1024w, https:\/\/amniosarchitettura.it\/wp-content\/uploads\/2026\/01\/A-8x12.webp 8w\" sizes=\"(max-width: 1280px) 100vw, 1280px\" \/>\t\t\t\t\t\t\t\t\t\t\t\t\t\t\t<\/div>\n\t\t\t\t\t<\/div>\n\t\t<\/div>\n\t\t\t\t\t<\/div>\n\t\t<\/section>\n\t\t\t\t<section class=\"elementor-section elementor-top-section elementor-element elementor-element-ad1975d animated-fast elementor-section-full_width elementor-section-height-default elementor-section-height-default elementor-invisible\" data-id=\"ad1975d\" data-element_type=\"section\" data-settings=\"{&quot;animation&quot;:&quot;h-neuron-animation--fadeIn&quot;}\">\n\t\t\t\t\t\t<div class=\"elementor-container elementor-column-gap-extended\">\n\t\t\t\t\t<div class=\"elementor-column elementor-col-50 elementor-top-column elementor-element elementor-element-6b91d53\" data-id=\"6b91d53\" data-element_type=\"column\">\n\t\t\t<div class=\"elementor-widget-wrap elementor-element-populated\">\n\t\t\t\t\t\t<div class=\"elementor-element elementor-element-00cf782 elementor-widget elementor-widget-text-editor\" data-id=\"00cf782\" data-element_type=\"widget\" data-widget_type=\"text-editor.default\">\n\t\t\t\t\t\t\t\t\t<p>The apartment was created through the subdivision of a 120 sqm property in the Cipro district, a strategic area for Roman tourism, resulting in two independent short-stay homes designed to maximise profitability and operational flexibility.<br \/><br \/>Green House is a three-room apartment accommodating up to five guests, defined by a minimalist aesthetic and a green palette that runs throughout the space. Every element has been conceived with hospitality in mind. Traditional wardrobes are replaced by open shelving and simple hanging rails, practical solutions tailored to short stays. The main storage areas are concentrated in the entrance hall, supporting the operational management of the property with spare linen, cleaning supplies and stock.<\/p>\t\t\t\t\t\t\t\t<\/div>\n\t\t\t\t\t<\/div>\n\t\t<\/div>\n\t\t\t\t<div class=\"elementor-column elementor-col-50 elementor-top-column elementor-element elementor-element-df646ec\" data-id=\"df646ec\" data-element_type=\"column\">\n\t\t\t<div class=\"elementor-widget-wrap elementor-element-populated\">\n\t\t\t\t\t\t<div class=\"elementor-element elementor-element-9610297 elementor-widget elementor-widget-text-editor\" data-id=\"9610297\" data-element_type=\"widget\" data-widget_type=\"text-editor.default\">\n\t\t\t\t\t\t\t\t\t<p>Raised bed platforms allow multiple configurations \u2014 double or single beds \u2014 while the sofa bed in the living area completes the accommodation capacity. These flexible solutions broaden booking potential, adapting to couples, families and groups of friends. The desks follow clean, essential lines, creating dedicated workstations for guests travelling while working remotely.\u00a0<br \/>Colour is used to clearly define the service volumes \u2014 bathroom and kitchen \u2014 which are conceived as coloured boxes set within a more neutral surrounding space.<\/p><p>The result is a practical and comfortable holiday home where functionality, flexibility and architectural design come together to offer a high-quality living experience in Rome.<\/p>\t\t\t\t\t\t\t\t<\/div>\n\t\t\t\t\t<\/div>\n\t\t<\/div>\n\t\t\t\t\t<\/div>\n\t\t<\/section>\n\t\t\t\t<section class=\"elementor-section elementor-top-section elementor-element elementor-element-bf86dcd elementor-section-full_width elementor-section-height-default elementor-section-height-default\" data-id=\"bf86dcd\" data-element_type=\"section\">\n\t\t\t\t\t\t<div class=\"elementor-container elementor-column-gap-no\">\n\t\t\t\t\t<div class=\"elementor-column elementor-col-100 elementor-top-column elementor-element elementor-element-af49abe\" data-id=\"af49abe\" data-element_type=\"column\">\n\t\t\t<div class=\"elementor-widget-wrap elementor-element-populated\">\n\t\t\t\t\t\t<div class=\"elementor-element elementor-element-205a526 animated-fast m-neuron-gallery--layout-masonry l-neuron-grid-wrapper--columns__2 l-neuron-grid-wrapper-tablet--columns__2 l-neuron-grid-wrapper-mobile--columns__2 m-neuron-gallery--overlay-none l-neuron-grid-wrapper--offset-no elementor-invisible elementor-widget elementor-widget-neuron-gallery\" data-id=\"205a526\" data-element_type=\"widget\" data-settings=\"{&quot;row_gap&quot;:{&quot;unit&quot;:&quot;px&quot;,&quot;size&quot;:30,&quot;sizes&quot;:[]},&quot;row_gap_tablet&quot;:{&quot;unit&quot;:&quot;rem&quot;,&quot;size&quot;:3.5,&quot;sizes&quot;:[]},&quot;row_gap_mobile&quot;:{&quot;unit&quot;:&quot;rem&quot;,&quot;size&quot;:2,&quot;sizes&quot;:[]},&quot;neuron_animations&quot;:&quot;h-neuron-animation--fadeIn&quot;,&quot;neuron_animations_duration&quot;:&quot;animated-fast&quot;,&quot;_animation&quot;:&quot;h-neuron-animation--fadeIn&quot;,&quot;layout&quot;:&quot;masonry&quot;,&quot;columns&quot;:&quot;2&quot;,&quot;columns_tablet&quot;:&quot;2&quot;,&quot;columns_mobile&quot;:&quot;2&quot;,&quot;carousel&quot;:&quot;no&quot;,&quot;animation_delay&quot;:0,&quot;image_animation_hover&quot;:&quot;none&quot;}\" data-widget_type=\"neuron-gallery.default\">\n\t\t\t\t<div class=\"elementor-widget-container\">\n\t\t\t\t\t\t\n\t\t\n\t\t\t\t<div class=\"l-neuron-grid\" data-masonry-id=\"25c793091eae299d81af02d8d4a76994\">\n\t\t\t\t\t\t\t\t\t\t\t<a class=\"l-neuron-grid__item m-neuron-gallery__item\" data-elementor-open-lightbox=\"yes\" data-elementor-lightbox-slideshow=\"all-205a526\" data-id=\"4672\" href=\"https:\/\/amniosarchitettura.it\/wp-content\/uploads\/2026\/02\/casa-vacanze-design-roma.webp\">\n\n\t\t\t\t\t\t\t<div class=\"m-neuron-gallery__inner\">\n\n\t\t\t\t\t\t\t\t\n\t\t\t\t\t\t\t\t<div class=\"m-neuron-gallery__thumbnail--link\">\n\t\t\t\t\t\t\t\t\t<div class=\"m-neuron-gallery__thumbnail\">\n\t\t\t\t\t\t\t\t\t\t<img decoding=\"async\" src=\"https:\/\/amniosarchitettura.it\/wp-content\/uploads\/2026\/02\/casa-vacanze-design-roma.webp\" alt=\"Camera da letto con mobili su misura e armadio integrato color verde, progetto di interior design per casa vacanze a Roma\" \/>\n\t\t\t\t\t\t\t\t\t<\/div>\n\t\t\t\t\t\t\t\t\t\t\t\t\t\t\t\t\t<\/div>\n\t\t\t\t\t\t\t\t\n\t\t\t\t\t\t\t\t\n\t\t\t\t\t\t\t<\/div>\n\n\t\t\t\t\t\t<\/a>\n\n\t\t\t\t\t\t\n\t\t\t\t\t\t\t\t\t\t\t<a class=\"l-neuron-grid__item m-neuron-gallery__item\" data-elementor-open-lightbox=\"yes\" data-elementor-lightbox-slideshow=\"all-205a526\" data-id=\"4674\" href=\"https:\/\/amniosarchitettura.it\/wp-content\/uploads\/2026\/02\/Casa-vacanze-design.webp\">\n\n\t\t\t\t\t\t\t<div class=\"m-neuron-gallery__inner\">\n\n\t\t\t\t\t\t\t\t\n\t\t\t\t\t\t\t\t<div class=\"m-neuron-gallery__thumbnail--link\">\n\t\t\t\t\t\t\t\t\t<div class=\"m-neuron-gallery__thumbnail\">\n\t\t\t\t\t\t\t\t\t\t<img decoding=\"async\" src=\"https:\/\/amniosarchitettura.it\/wp-content\/uploads\/2026\/02\/Casa-vacanze-design.webp\" alt=\"Camera da letto con mobili su misura, pedane letto, progetto di interior design per casa vacanza a Roma\" \/>\n\t\t\t\t\t\t\t\t\t<\/div>\n\t\t\t\t\t\t\t\t\t\t\t\t\t\t\t\t\t<\/div>\n\t\t\t\t\t\t\t\t\n\t\t\t\t\t\t\t\t\n\t\t\t\t\t\t\t<\/div>\n\n\t\t\t\t\t\t<\/a>\n\n\t\t\t\t\t\t\n\t\t\t\t\t\t\t\t\t\t\t<a class=\"l-neuron-grid__item m-neuron-gallery__item\" data-elementor-open-lightbox=\"yes\" data-elementor-lightbox-slideshow=\"all-205a526\" data-id=\"4680\" href=\"https:\/\/amniosarchitettura.it\/wp-content\/uploads\/2026\/02\/design-verde-roma.webp\">\n\n\t\t\t\t\t\t\t<div class=\"m-neuron-gallery__inner\">\n\n\t\t\t\t\t\t\t\t\n\t\t\t\t\t\t\t\t<div class=\"m-neuron-gallery__thumbnail--link\">\n\t\t\t\t\t\t\t\t\t<div class=\"m-neuron-gallery__thumbnail\">\n\t\t\t\t\t\t\t\t\t\t<img decoding=\"async\" src=\"https:\/\/amniosarchitettura.it\/wp-content\/uploads\/2026\/02\/design-verde-roma.webp\" alt=\"Bagno contemporaneo verde con lavabo da appoggio e specchio rotondo in casa vacanze dal design minimal, progetto di interior ristrutturato\" \/>\n\t\t\t\t\t\t\t\t\t<\/div>\n\t\t\t\t\t\t\t\t\t\t\t\t\t\t\t\t\t<\/div>\n\t\t\t\t\t\t\t\t\n\t\t\t\t\t\t\t\t\n\t\t\t\t\t\t\t<\/div>\n\n\t\t\t\t\t\t<\/a>\n\n\t\t\t\t\t\t\n\t\t\t\t\t\t\t\t\t\t\t<a class=\"l-neuron-grid__item m-neuron-gallery__item\" data-elementor-open-lightbox=\"yes\" data-elementor-lightbox-slideshow=\"all-205a526\" data-id=\"4671\" href=\"https:\/\/amniosarchitettura.it\/wp-content\/uploads\/2026\/02\/casa-vacanze-bagni.webp\">\n\n\t\t\t\t\t\t\t<div class=\"m-neuron-gallery__inner\">\n\n\t\t\t\t\t\t\t\t\n\t\t\t\t\t\t\t\t<div class=\"m-neuron-gallery__thumbnail--link\">\n\t\t\t\t\t\t\t\t\t<div class=\"m-neuron-gallery__thumbnail\">\n\t\t\t\t\t\t\t\t\t\t<img decoding=\"async\" src=\"https:\/\/amniosarchitettura.it\/wp-content\/uploads\/2026\/02\/casa-vacanze-bagni.webp\" alt=\"Bagno contemporaneo verde con doccia dotata di nicchie in casa vacanze dal design minimal, progetto di interior ristrutturato\" \/>\n\t\t\t\t\t\t\t\t\t<\/div>\n\t\t\t\t\t\t\t\t\t\t\t\t\t\t\t\t\t<\/div>\n\t\t\t\t\t\t\t\t\n\t\t\t\t\t\t\t\t\n\t\t\t\t\t\t\t<\/div>\n\n\t\t\t\t\t\t<\/a>\n\n\t\t\t\t\t\t\n\t\t\t\t\t\t\t\t\t\t\t<a class=\"l-neuron-grid__item m-neuron-gallery__item\" data-elementor-open-lightbox=\"yes\" data-elementor-lightbox-slideshow=\"all-205a526\" data-id=\"4678\" href=\"https:\/\/amniosarchitettura.it\/wp-content\/uploads\/2026\/02\/design-casa-vacanze.webp\">\n\n\t\t\t\t\t\t\t<div class=\"m-neuron-gallery__inner\">\n\n\t\t\t\t\t\t\t\t\n\t\t\t\t\t\t\t\t<div class=\"m-neuron-gallery__thumbnail--link\">\n\t\t\t\t\t\t\t\t\t<div class=\"m-neuron-gallery__thumbnail\">\n\t\t\t\t\t\t\t\t\t\t<img decoding=\"async\" src=\"https:\/\/amniosarchitettura.it\/wp-content\/uploads\/2026\/02\/design-casa-vacanze.webp\" alt=\"Camera da letto con mobili su misura e armadio integrato color verde, progetto per casa vacanze a Roma\" \/>\n\t\t\t\t\t\t\t\t\t<\/div>\n\t\t\t\t\t\t\t\t\t\t\t\t\t\t\t\t\t<\/div>\n\t\t\t\t\t\t\t\t\n\t\t\t\t\t\t\t\t\n\t\t\t\t\t\t\t<\/div>\n\n\t\t\t\t\t\t<\/a>\n\n\t\t\t\t\t\t\n\t\t\t\t\t\t\t\t\t\t\t<a class=\"l-neuron-grid__item m-neuron-gallery__item\" data-elementor-open-lightbox=\"yes\" data-elementor-lightbox-slideshow=\"all-205a526\" data-id=\"4679\" href=\"https:\/\/amniosarchitettura.it\/wp-content\/uploads\/2026\/02\/design-flessibile.webp\">\n\n\t\t\t\t\t\t\t<div class=\"m-neuron-gallery__inner\">\n\n\t\t\t\t\t\t\t\t\n\t\t\t\t\t\t\t\t<div class=\"m-neuron-gallery__thumbnail--link\">\n\t\t\t\t\t\t\t\t\t<div class=\"m-neuron-gallery__thumbnail\">\n\t\t\t\t\t\t\t\t\t\t<img decoding=\"async\" src=\"https:\/\/amniosarchitettura.it\/wp-content\/uploads\/2026\/02\/design-flessibile.webp\" alt=\"Camera con letti singoli e illuminazione a sospensione in casa vacanze moderna con mobili su misura e interior design essenziale\" \/>\n\t\t\t\t\t\t\t\t\t<\/div>\n\t\t\t\t\t\t\t\t\t\t\t\t\t\t\t\t\t<\/div>\n\t\t\t\t\t\t\t\t\n\t\t\t\t\t\t\t\t\n\t\t\t\t\t\t\t<\/div>\n\n\t\t\t\t\t\t<\/a>\n\n\t\t\t\t\t\t\n\t\t\t\t\t\t\t\t\t\t\t<a class=\"l-neuron-grid__item m-neuron-gallery__item\" data-elementor-open-lightbox=\"yes\" data-elementor-lightbox-slideshow=\"all-205a526\" data-id=\"4677\" href=\"https:\/\/amniosarchitettura.it\/wp-content\/uploads\/2026\/02\/deisgn-ospitalita.webp\">\n\n\t\t\t\t\t\t\t<div class=\"m-neuron-gallery__inner\">\n\n\t\t\t\t\t\t\t\t\n\t\t\t\t\t\t\t\t<div class=\"m-neuron-gallery__thumbnail--link\">\n\t\t\t\t\t\t\t\t\t<div class=\"m-neuron-gallery__thumbnail\">\n\t\t\t\t\t\t\t\t\t\t<img decoding=\"async\" src=\"https:\/\/amniosarchitettura.it\/wp-content\/uploads\/2026\/02\/deisgn-ospitalita.webp\" alt=\"Camera da letto minimal con letto matrimoniale, pedana flessibile, in casa vacanze dal design contemporaneo, arredi su misura\" \/>\n\t\t\t\t\t\t\t\t\t<\/div>\n\t\t\t\t\t\t\t\t\t\t\t\t\t\t\t\t\t<\/div>\n\t\t\t\t\t\t\t\t\n\t\t\t\t\t\t\t\t\n\t\t\t\t\t\t\t<\/div>\n\n\t\t\t\t\t\t<\/a>\n\n\t\t\t\t\t\t\n\t\t\t\t\t\t\t\t\t\t\t<a class=\"l-neuron-grid__item m-neuron-gallery__item\" data-elementor-open-lightbox=\"yes\" data-elementor-lightbox-slideshow=\"all-205a526\" data-id=\"4670\" href=\"https:\/\/amniosarchitettura.it\/wp-content\/uploads\/2026\/02\/casa-vacanze-arredi-su-misura.webp\">\n\n\t\t\t\t\t\t\t<div class=\"m-neuron-gallery__inner\">\n\n\t\t\t\t\t\t\t\t\n\t\t\t\t\t\t\t\t<div class=\"m-neuron-gallery__thumbnail--link\">\n\t\t\t\t\t\t\t\t\t<div class=\"m-neuron-gallery__thumbnail\">\n\t\t\t\t\t\t\t\t\t\t<img decoding=\"async\" src=\"https:\/\/amniosarchitettura.it\/wp-content\/uploads\/2026\/02\/casa-vacanze-arredi-su-misura.webp\" alt=\"camera in casa vacanze con scrivania integrale su misura per smart working\" \/>\n\t\t\t\t\t\t\t\t\t<\/div>\n\t\t\t\t\t\t\t\t\t\t\t\t\t\t\t\t\t<\/div>\n\t\t\t\t\t\t\t\t\n\t\t\t\t\t\t\t\t\n\t\t\t\t\t\t\t<\/div>\n\n\t\t\t\t\t\t<\/a>\n\n\t\t\t\t\t\t\n\t\t\t\t\t\t\t\t\t\t\t<a class=\"l-neuron-grid__item m-neuron-gallery__item\" data-elementor-open-lightbox=\"yes\" data-elementor-lightbox-slideshow=\"all-205a526\" data-id=\"4668\" href=\"https:\/\/amniosarchitettura.it\/wp-content\/uploads\/2026\/02\/arredi-su-misura.webp\">\n\n\t\t\t\t\t\t\t<div class=\"m-neuron-gallery__inner\">\n\n\t\t\t\t\t\t\t\t\n\t\t\t\t\t\t\t\t<div class=\"m-neuron-gallery__thumbnail--link\">\n\t\t\t\t\t\t\t\t\t<div class=\"m-neuron-gallery__thumbnail\">\n\t\t\t\t\t\t\t\t\t\t<img decoding=\"async\" src=\"https:\/\/amniosarchitettura.it\/wp-content\/uploads\/2026\/02\/arredi-su-misura.webp\" alt=\"camera con nicchia per libri e scrivania integrale su misura per smart working\" \/>\n\t\t\t\t\t\t\t\t\t<\/div>\n\t\t\t\t\t\t\t\t\t\t\t\t\t\t\t\t\t<\/div>\n\t\t\t\t\t\t\t\t\n\t\t\t\t\t\t\t\t\n\t\t\t\t\t\t\t<\/div>\n\n\t\t\t\t\t\t<\/a>\n\n\t\t\t\t\t\t\n\t\t\t\t\t\t\t\t\t\t\t<a class=\"l-neuron-grid__item m-neuron-gallery__item\" data-elementor-open-lightbox=\"yes\" data-elementor-lightbox-slideshow=\"all-205a526\" data-id=\"4665\" href=\"https:\/\/amniosarchitettura.it\/wp-content\/uploads\/2026\/02\/design-verde-wc.webp\">\n\n\t\t\t\t\t\t\t<div class=\"m-neuron-gallery__inner\">\n\n\t\t\t\t\t\t\t\t\n\t\t\t\t\t\t\t\t<div class=\"m-neuron-gallery__thumbnail--link\">\n\t\t\t\t\t\t\t\t\t<div class=\"m-neuron-gallery__thumbnail\">\n\t\t\t\t\t\t\t\t\t\t<img decoding=\"async\" src=\"https:\/\/amniosarchitettura.it\/wp-content\/uploads\/2026\/02\/design-verde-wc.webp\" alt=\"Bagno contemporaneo verde con doccia in casa vacanze dal design minimal, progetto di interior ristrutturato\" \/>\n\t\t\t\t\t\t\t\t\t<\/div>\n\t\t\t\t\t\t\t\t\t\t\t\t\t\t\t\t\t<\/div>\n\t\t\t\t\t\t\t\t\n\t\t\t\t\t\t\t\t\n\t\t\t\t\t\t\t<\/div>\n\n\t\t\t\t\t\t<\/a>\n\n\t\t\t\t\t\t\n\t\t\t\t\t\t\t\t\t\t\t<a class=\"l-neuron-grid__item m-neuron-gallery__item\" data-elementor-open-lightbox=\"yes\" data-elementor-lightbox-slideshow=\"all-205a526\" data-id=\"4673\" href=\"https:\/\/amniosarchitettura.it\/wp-content\/uploads\/2026\/02\/casa-vacanze-design-verde.webp\">\n\n\t\t\t\t\t\t\t<div class=\"m-neuron-gallery__inner\">\n\n\t\t\t\t\t\t\t\t\n\t\t\t\t\t\t\t\t<div class=\"m-neuron-gallery__thumbnail--link\">\n\t\t\t\t\t\t\t\t\t<div class=\"m-neuron-gallery__thumbnail\">\n\t\t\t\t\t\t\t\t\t\t<img decoding=\"async\" src=\"https:\/\/amniosarchitettura.it\/wp-content\/uploads\/2026\/02\/casa-vacanze-design-verde.webp\" alt=\"bagno verde con lavabo d&#039;appoggio, visto dalla zona pranzo\" \/>\n\t\t\t\t\t\t\t\t\t<\/div>\n\t\t\t\t\t\t\t\t\t\t\t\t\t\t\t\t\t<\/div>\n\t\t\t\t\t\t\t\t\n\t\t\t\t\t\t\t\t\n\t\t\t\t\t\t\t<\/div>\n\n\t\t\t\t\t\t<\/a>\n\n\t\t\t\t\t\t\n\t\t\t\t\t\t\t\t\t\t\t<a class=\"l-neuron-grid__item m-neuron-gallery__item\" data-elementor-open-lightbox=\"yes\" data-elementor-lightbox-slideshow=\"all-205a526\" data-id=\"4667\" href=\"https:\/\/amniosarchitettura.it\/wp-content\/uploads\/2026\/02\/frazionamento-immobiliare.webp\">\n\n\t\t\t\t\t\t\t<div class=\"m-neuron-gallery__inner\">\n\n\t\t\t\t\t\t\t\t\n\t\t\t\t\t\t\t\t<div class=\"m-neuron-gallery__thumbnail--link\">\n\t\t\t\t\t\t\t\t\t<div class=\"m-neuron-gallery__thumbnail\">\n\t\t\t\t\t\t\t\t\t\t<img decoding=\"async\" src=\"https:\/\/amniosarchitettura.it\/wp-content\/uploads\/2026\/02\/frazionamento-immobiliare.webp\" alt=\"cucina verde di design, su misura, minimalista\" \/>\n\t\t\t\t\t\t\t\t\t<\/div>\n\t\t\t\t\t\t\t\t\t\t\t\t\t\t\t\t\t<\/div>\n\t\t\t\t\t\t\t\t\n\t\t\t\t\t\t\t\t\n\t\t\t\t\t\t\t<\/div>\n\n\t\t\t\t\t\t<\/a>\n\n\t\t\t\t\t\t\n\t\t\t\t\t\t\t\t\t\t\t<a class=\"l-neuron-grid__item m-neuron-gallery__item\" data-elementor-open-lightbox=\"yes\" data-elementor-lightbox-slideshow=\"all-205a526\" data-id=\"4676\" href=\"https:\/\/amniosarchitettura.it\/wp-content\/uploads\/2026\/02\/cucina-design.webp\">\n\n\t\t\t\t\t\t\t<div class=\"m-neuron-gallery__inner\">\n\n\t\t\t\t\t\t\t\t\n\t\t\t\t\t\t\t\t<div class=\"m-neuron-gallery__thumbnail--link\">\n\t\t\t\t\t\t\t\t\t<div class=\"m-neuron-gallery__thumbnail\">\n\t\t\t\t\t\t\t\t\t\t<img decoding=\"async\" src=\"https:\/\/amniosarchitettura.it\/wp-content\/uploads\/2026\/02\/cucina-design.webp\" alt=\"cucina di design verde su misura, essenziale, in soggiorno.\" \/>\n\t\t\t\t\t\t\t\t\t<\/div>\n\t\t\t\t\t\t\t\t\t\t\t\t\t\t\t\t\t<\/div>\n\t\t\t\t\t\t\t\t\n\t\t\t\t\t\t\t\t\n\t\t\t\t\t\t\t<\/div>\n\n\t\t\t\t\t\t<\/a>\n\n\t\t\t\t\t\t\n\t\t\t\t\t\t\t\t\t\t\t<a class=\"l-neuron-grid__item m-neuron-gallery__item\" data-elementor-open-lightbox=\"yes\" data-elementor-lightbox-slideshow=\"all-205a526\" data-id=\"4675\" href=\"https:\/\/amniosarchitettura.it\/wp-content\/uploads\/2026\/02\/cucina-casa-vacanze.webp\">\n\n\t\t\t\t\t\t\t<div class=\"m-neuron-gallery__inner\">\n\n\t\t\t\t\t\t\t\t\n\t\t\t\t\t\t\t\t<div class=\"m-neuron-gallery__thumbnail--link\">\n\t\t\t\t\t\t\t\t\t<div class=\"m-neuron-gallery__thumbnail\">\n\t\t\t\t\t\t\t\t\t\t<img decoding=\"async\" src=\"https:\/\/amniosarchitettura.it\/wp-content\/uploads\/2026\/02\/cucina-casa-vacanze.webp\" alt=\"area pranzo su misura, essenziale, dal design verde\" \/>\n\t\t\t\t\t\t\t\t\t<\/div>\n\t\t\t\t\t\t\t\t\t\t\t\t\t\t\t\t\t<\/div>\n\t\t\t\t\t\t\t\t\n\t\t\t\t\t\t\t\t\n\t\t\t\t\t\t\t<\/div>\n\n\t\t\t\t\t\t<\/a>\n\n\t\t\t\t\t\t\n\t\t\t\t\t\t\t\t\t\t\t<a class=\"l-neuron-grid__item m-neuron-gallery__item\" data-elementor-open-lightbox=\"yes\" data-elementor-lightbox-slideshow=\"all-205a526\" data-id=\"4666\" href=\"https:\/\/amniosarchitettura.it\/wp-content\/uploads\/2026\/02\/frazionamento-casa-vacanze.webp\">\n\n\t\t\t\t\t\t\t<div class=\"m-neuron-gallery__inner\">\n\n\t\t\t\t\t\t\t\t\n\t\t\t\t\t\t\t\t<div class=\"m-neuron-gallery__thumbnail--link\">\n\t\t\t\t\t\t\t\t\t<div class=\"m-neuron-gallery__thumbnail\">\n\t\t\t\t\t\t\t\t\t\t<img decoding=\"async\" src=\"https:\/\/amniosarchitettura.it\/wp-content\/uploads\/2026\/02\/frazionamento-casa-vacanze.webp\" alt=\"soggiorno su misura, con divano letto e smart tv, progetto di interior per turisti\" \/>\n\t\t\t\t\t\t\t\t\t<\/div>\n\t\t\t\t\t\t\t\t\t\t\t\t\t\t\t\t\t<\/div>\n\t\t\t\t\t\t\t\t\n\t\t\t\t\t\t\t\t\n\t\t\t\t\t\t\t<\/div>\n\n\t\t\t\t\t\t<\/a>\n\n\t\t\t\t\t\t\n\t\t\t\t\t\t\t\t\t\t\t<a class=\"l-neuron-grid__item m-neuron-gallery__item\" data-elementor-open-lightbox=\"yes\" data-elementor-lightbox-slideshow=\"all-205a526\" data-id=\"4264\" href=\"https:\/\/amniosarchitettura.it\/wp-content\/uploads\/2026\/01\/CASA-BLU-CASA-VACANZE_A16.webp\">\n\n\t\t\t\t\t\t\t<div class=\"m-neuron-gallery__inner\">\n\n\t\t\t\t\t\t\t\t\n\t\t\t\t\t\t\t\t<div class=\"m-neuron-gallery__thumbnail--link\">\n\t\t\t\t\t\t\t\t\t<div class=\"m-neuron-gallery__thumbnail\">\n\t\t\t\t\t\t\t\t\t\t<img decoding=\"async\" src=\"https:\/\/amniosarchitettura.it\/wp-content\/uploads\/2026\/01\/CASA-BLU-CASA-VACANZE_A16.webp\" alt=\"Frazionamento immobiliare a Roma - Casa Blu e Casa Verde\" \/>\n\t\t\t\t\t\t\t\t\t<\/div>\n\t\t\t\t\t\t\t\t\t\t\t\t\t\t\t\t\t<\/div>\n\t\t\t\t\t\t\t\t\n\t\t\t\t\t\t\t\t\n\t\t\t\t\t\t\t<\/div>\n\n\t\t\t\t\t\t<\/a>\n\n\t\t\t\t\t\t\n\t\t\t\t\t\t\t\t\t<\/div>\n\n\t\t\t\t\t\t\t\t\t<\/div>\n\t\t\t\t<\/div>\n\t\t\t\t\t<\/div>\n\t\t<\/div>\n\t\t\t\t\t<\/div>\n\t\t<\/section>\n\t\t\t\t<\/div>","protected":false},"excerpt":{"rendered":"<p>L\u2019appartamento nasce dal frazionamento di un immobile di 120 mq in zona Cipro, area strategica per il turismo romano, dando vita a due case vacanze indipendenti pensate per massimizzare redditivit\u00e0 e flessibilit\u00e0 gestionale. Casa Verde \u00e8 un trilocale per 5 persone, caratterizzato da un\u2019estetica essenziale e dal colore verde come filo conduttore, dove ogni elemento&#8230;<\/p>","protected":false},"author":1,"featured_media":4809,"comment_status":"closed","ping_status":"closed","template":"","meta":{"footnotes":""},"portfolio_category":[47],"portfolio_tag":[],"class_list":["post-4283","portfolio","type-portfolio","status-publish","has-post-thumbnail","hentry","portfolio_category-ospitalita"],"_links":{"self":[{"href":"https:\/\/amniosarchitettura.it\/en\/wp-json\/wp\/v2\/portfolio\/4283","targetHints":{"allow":["GET"]}}],"collection":[{"href":"https:\/\/amniosarchitettura.it\/en\/wp-json\/wp\/v2\/portfolio"}],"about":[{"href":"https:\/\/amniosarchitettura.it\/en\/wp-json\/wp\/v2\/types\/portfolio"}],"author":[{"embeddable":true,"href":"https:\/\/amniosarchitettura.it\/en\/wp-json\/wp\/v2\/users\/1"}],"replies":[{"embeddable":true,"href":"https:\/\/amniosarchitettura.it\/en\/wp-json\/wp\/v2\/comments?post=4283"}],"version-history":[{"count":45,"href":"https:\/\/amniosarchitettura.it\/en\/wp-json\/wp\/v2\/portfolio\/4283\/revisions"}],"predecessor-version":[{"id":5446,"href":"https:\/\/amniosarchitettura.it\/en\/wp-json\/wp\/v2\/portfolio\/4283\/revisions\/5446"}],"wp:featuredmedia":[{"embeddable":true,"href":"https:\/\/amniosarchitettura.it\/en\/wp-json\/wp\/v2\/media\/4809"}],"wp:attachment":[{"href":"https:\/\/amniosarchitettura.it\/en\/wp-json\/wp\/v2\/media?parent=4283"}],"wp:term":[{"taxonomy":"portfolio_category","embeddable":true,"href":"https:\/\/amniosarchitettura.it\/en\/wp-json\/wp\/v2\/portfolio_category?post=4283"},{"taxonomy":"portfolio_tag","embeddable":true,"href":"https:\/\/amniosarchitettura.it\/en\/wp-json\/wp\/v2\/portfolio_tag?post=4283"}],"curies":[{"name":"wp","href":"https:\/\/api.w.org\/{rel}","templated":true}]}}