{"id":4248,"date":"2026-01-30T14:02:24","date_gmt":"2026-01-30T14:02:24","guid":{"rendered":"https:\/\/amniosarchitettura.it\/portfolio\/casa-blu-casa-vacanze-a-roma\/"},"modified":"2026-02-26T14:31:56","modified_gmt":"2026-02-26T14:31:56","slug":"casa-blu-casa-vacanze-a-roma","status":"publish","type":"portfolio","link":"https:\/\/amniosarchitettura.it\/en\/portfolio\/casa-blu-casa-vacanze-a-roma\/","title":{"rendered":"Blue House: Holiday Home in Rome"},"content":{"rendered":"<div data-elementor-type=\"wp-post\" data-elementor-id=\"4248\" class=\"elementor elementor-4248\">\n\t\t\t\t\t\t<section class=\"elementor-section elementor-top-section elementor-element elementor-element-3c46893 elementor-section-full_width elementor-section-height-default elementor-section-height-default\" data-id=\"3c46893\" data-element_type=\"section\">\n\t\t\t\t\t\t<div class=\"elementor-container elementor-column-gap-no\">\n\t\t\t\t\t<div class=\"elementor-column elementor-col-100 elementor-top-column elementor-element elementor-element-c3624fe\" data-id=\"c3624fe\" data-element_type=\"column\">\n\t\t\t<div class=\"elementor-widget-wrap elementor-element-populated\">\n\t\t\t\t\t\t<div class=\"elementor-element elementor-element-c0bb316 elementor-widget elementor-widget-image\" data-id=\"c0bb316\" data-element_type=\"widget\" data-widget_type=\"image.default\">\n\t\t\t\t\t\t\t\t\t\t\t\t\t\t\t<img fetchpriority=\"high\" decoding=\"async\" width=\"1920\" height=\"1280\" src=\"https:\/\/amniosarchitettura.it\/wp-content\/uploads\/2026\/01\/CASA-BLU-CASA-VACANZE_A2.webp\" class=\"attachment-full size-full wp-image-4252\" alt=\"Cucina moderna incassata monoblocco blu con nicchia bianca, faretti a soffitto e design minimalista per casa vacanze.\" srcset=\"https:\/\/amniosarchitettura.it\/wp-content\/uploads\/2026\/01\/CASA-BLU-CASA-VACANZE_A2.webp 1920w, https:\/\/amniosarchitettura.it\/wp-content\/uploads\/2026\/01\/CASA-BLU-CASA-VACANZE_A2-300x200.webp 300w, https:\/\/amniosarchitettura.it\/wp-content\/uploads\/2026\/01\/CASA-BLU-CASA-VACANZE_A2-1024x683.webp 1024w, https:\/\/amniosarchitettura.it\/wp-content\/uploads\/2026\/01\/CASA-BLU-CASA-VACANZE_A2-768x512.webp 768w, https:\/\/amniosarchitettura.it\/wp-content\/uploads\/2026\/01\/CASA-BLU-CASA-VACANZE_A2-1536x1024.webp 1536w\" sizes=\"(max-width: 1920px) 100vw, 1920px\" \/>\t\t\t\t\t\t\t\t\t\t\t\t\t\t\t<\/div>\n\t\t\t\t\t<\/div>\n\t\t<\/div>\n\t\t\t\t\t<\/div>\n\t\t<\/section>\n\t\t\t\t<section class=\"elementor-section elementor-top-section elementor-element elementor-element-ad1975d animated-fast elementor-section-full_width elementor-section-height-default elementor-section-height-default elementor-invisible\" data-id=\"ad1975d\" data-element_type=\"section\" data-settings=\"{&quot;animation&quot;:&quot;h-neuron-animation--fadeIn&quot;}\">\n\t\t\t\t\t\t<div class=\"elementor-container elementor-column-gap-extended\">\n\t\t\t\t\t<div class=\"elementor-column elementor-col-50 elementor-top-column elementor-element elementor-element-6b91d53\" data-id=\"6b91d53\" data-element_type=\"column\">\n\t\t\t<div class=\"elementor-widget-wrap elementor-element-populated\">\n\t\t\t\t\t\t<div class=\"elementor-element elementor-element-00cf782 elementor-widget elementor-widget-text-editor\" data-id=\"00cf782\" data-element_type=\"widget\" data-widget_type=\"text-editor.default\">\n\t\t\t\t\t\t\t\t\t<p>The apartment was created through the subdivision of a 120 sqm property in the Cipro district, a strategic area for Roman tourism, resulting in two independent short-stay homes designed to maximise profitability and management flexibility.<\/p><p>Blue House is a one-bedroom apartment designed for up to three guests, characterised by an essential aesthetic and the colour blue as a unifying thread. Every element has been carefully conceived to respond to the specific needs of a holiday home. Minimal shelving and open hanging systems replace traditional wardrobes, offering solutions better suited to short stays.<\/p>\t\t\t\t\t\t\t\t<\/div>\n\t\t\t\t\t<\/div>\n\t\t<\/div>\n\t\t\t\t<div class=\"elementor-column elementor-col-50 elementor-top-column elementor-element elementor-element-df646ec\" data-id=\"df646ec\" data-element_type=\"column\">\n\t\t\t<div class=\"elementor-widget-wrap elementor-element-populated\">\n\t\t\t\t\t\t<div class=\"elementor-element elementor-element-9610297 elementor-widget elementor-widget-text-editor\" data-id=\"9610297\" data-element_type=\"widget\" data-widget_type=\"text-editor.default\">\n\t\t\t\t\t\t\t\t\t<p class=\"translation-block\">The main storage wardrobes are located in the entrance hall and are used to store everything needed for the management of the guest accommodation.\nThe bed platforms provide versatility: the mattresses can be joined to form a double bed or separated, adapting to couples, friends, or families and broadening the potential booking audience.\nColor is used to clearly identify the service volumes (bathroom and kitchen), which are inserted as colored boxes within an environment characterized by more neutral tones.<\/p><p>The result is a practical and comfortable holiday home where functionality and aesthetics come together to offer a high-quality living experience in Rome.<\/p>\t\t\t\t\t\t\t\t<\/div>\n\t\t\t\t\t<\/div>\n\t\t<\/div>\n\t\t\t\t\t<\/div>\n\t\t<\/section>\n\t\t\t\t<section class=\"elementor-section elementor-top-section elementor-element elementor-element-bf86dcd elementor-section-full_width elementor-section-height-default elementor-section-height-default\" data-id=\"bf86dcd\" data-element_type=\"section\">\n\t\t\t\t\t\t<div class=\"elementor-container elementor-column-gap-no\">\n\t\t\t\t\t<div class=\"elementor-column elementor-col-100 elementor-top-column elementor-element elementor-element-af49abe\" data-id=\"af49abe\" data-element_type=\"column\">\n\t\t\t<div class=\"elementor-widget-wrap elementor-element-populated\">\n\t\t\t\t\t\t<div class=\"elementor-element elementor-element-205a526 animated-fast m-neuron-gallery--layout-masonry l-neuron-grid-wrapper--columns__2 l-neuron-grid-wrapper-tablet--columns__2 l-neuron-grid-wrapper-mobile--columns__2 m-neuron-gallery--overlay-none l-neuron-grid-wrapper--offset-no elementor-invisible elementor-widget elementor-widget-neuron-gallery\" data-id=\"205a526\" data-element_type=\"widget\" data-settings=\"{&quot;row_gap&quot;:{&quot;unit&quot;:&quot;px&quot;,&quot;size&quot;:30,&quot;sizes&quot;:[]},&quot;row_gap_tablet&quot;:{&quot;unit&quot;:&quot;rem&quot;,&quot;size&quot;:3.5,&quot;sizes&quot;:[]},&quot;row_gap_mobile&quot;:{&quot;unit&quot;:&quot;rem&quot;,&quot;size&quot;:2,&quot;sizes&quot;:[]},&quot;neuron_animations&quot;:&quot;h-neuron-animation--fadeIn&quot;,&quot;neuron_animations_duration&quot;:&quot;animated-fast&quot;,&quot;_animation&quot;:&quot;h-neuron-animation--fadeIn&quot;,&quot;layout&quot;:&quot;masonry&quot;,&quot;columns&quot;:&quot;2&quot;,&quot;columns_tablet&quot;:&quot;2&quot;,&quot;columns_mobile&quot;:&quot;2&quot;,&quot;carousel&quot;:&quot;no&quot;,&quot;animation_delay&quot;:0,&quot;image_animation_hover&quot;:&quot;none&quot;}\" data-widget_type=\"neuron-gallery.default\">\n\t\t\t\t<div class=\"elementor-widget-container\">\n\t\t\t\t\t\t\n\t\t\n\t\t\t\t<div class=\"l-neuron-grid\" data-masonry-id=\"25c793091eae299d81af02d8d4a76994\">\n\t\t\t\t\t\t\t\t\t\t\t<a class=\"l-neuron-grid__item m-neuron-gallery__item\" data-elementor-open-lightbox=\"yes\" data-elementor-lightbox-slideshow=\"all-205a526\" data-id=\"4265\" href=\"https:\/\/amniosarchitettura.it\/wp-content\/uploads\/2026\/01\/CASA-BLU-CASA-VACANZE_A1.webp\">\n\n\t\t\t\t\t\t\t<div class=\"m-neuron-gallery__inner\">\n\n\t\t\t\t\t\t\t\t\n\t\t\t\t\t\t\t\t<div class=\"m-neuron-gallery__thumbnail--link\">\n\t\t\t\t\t\t\t\t\t<div class=\"m-neuron-gallery__thumbnail\">\n\t\t\t\t\t\t\t\t\t\t<img decoding=\"async\" src=\"https:\/\/amniosarchitettura.it\/wp-content\/uploads\/2026\/01\/CASA-BLU-CASA-VACANZE_A1.webp\" alt=\"Cucina e zona pranzo di una casa vacanza di design a Roma\" \/>\n\t\t\t\t\t\t\t\t\t<\/div>\n\t\t\t\t\t\t\t\t\t\t\t\t\t\t\t\t\t<\/div>\n\t\t\t\t\t\t\t\t\n\t\t\t\t\t\t\t\t\n\t\t\t\t\t\t\t<\/div>\n\n\t\t\t\t\t\t<\/a>\n\n\t\t\t\t\t\t\n\t\t\t\t\t\t\t\t\t\t\t<a class=\"l-neuron-grid__item m-neuron-gallery__item\" data-elementor-open-lightbox=\"yes\" data-elementor-lightbox-slideshow=\"all-205a526\" data-id=\"4264\" href=\"https:\/\/amniosarchitettura.it\/wp-content\/uploads\/2026\/01\/CASA-BLU-CASA-VACANZE_A16.webp\">\n\n\t\t\t\t\t\t\t<div class=\"m-neuron-gallery__inner\">\n\n\t\t\t\t\t\t\t\t\n\t\t\t\t\t\t\t\t<div class=\"m-neuron-gallery__thumbnail--link\">\n\t\t\t\t\t\t\t\t\t<div class=\"m-neuron-gallery__thumbnail\">\n\t\t\t\t\t\t\t\t\t\t<img decoding=\"async\" src=\"https:\/\/amniosarchitettura.it\/wp-content\/uploads\/2026\/01\/CASA-BLU-CASA-VACANZE_A16.webp\" alt=\"Frazionamento immobiliare a Roma - Casa Blu e Casa Verde\" \/>\n\t\t\t\t\t\t\t\t\t<\/div>\n\t\t\t\t\t\t\t\t\t\t\t\t\t\t\t\t\t<\/div>\n\t\t\t\t\t\t\t\t\n\t\t\t\t\t\t\t\t\n\t\t\t\t\t\t\t<\/div>\n\n\t\t\t\t\t\t<\/a>\n\n\t\t\t\t\t\t\n\t\t\t\t\t\t\t\t\t\t\t<a class=\"l-neuron-grid__item m-neuron-gallery__item\" data-elementor-open-lightbox=\"yes\" data-elementor-lightbox-slideshow=\"all-205a526\" data-id=\"4263\" href=\"https:\/\/amniosarchitettura.it\/wp-content\/uploads\/2026\/01\/CASA-BLU-CASA-VACANZE_A15.webp\">\n\n\t\t\t\t\t\t\t<div class=\"m-neuron-gallery__inner\">\n\n\t\t\t\t\t\t\t\t\n\t\t\t\t\t\t\t\t<div class=\"m-neuron-gallery__thumbnail--link\">\n\t\t\t\t\t\t\t\t\t<div class=\"m-neuron-gallery__thumbnail\">\n\t\t\t\t\t\t\t\t\t\t<img decoding=\"async\" src=\"https:\/\/amniosarchitettura.it\/wp-content\/uploads\/2026\/01\/CASA-BLU-CASA-VACANZE_A15.webp\" alt=\"pedana in legno per materassi e armadio essenziale per b and b\" \/>\n\t\t\t\t\t\t\t\t\t<\/div>\n\t\t\t\t\t\t\t\t\t\t\t\t\t\t\t\t\t<\/div>\n\t\t\t\t\t\t\t\t\n\t\t\t\t\t\t\t\t\n\t\t\t\t\t\t\t<\/div>\n\n\t\t\t\t\t\t<\/a>\n\n\t\t\t\t\t\t\n\t\t\t\t\t\t\t\t\t\t\t<a class=\"l-neuron-grid__item m-neuron-gallery__item\" data-elementor-open-lightbox=\"yes\" data-elementor-lightbox-slideshow=\"all-205a526\" data-id=\"4262\" href=\"https:\/\/amniosarchitettura.it\/wp-content\/uploads\/2026\/01\/CASA-BLU-CASA-VACANZE_A14B.webp\">\n\n\t\t\t\t\t\t\t<div class=\"m-neuron-gallery__inner\">\n\n\t\t\t\t\t\t\t\t\n\t\t\t\t\t\t\t\t<div class=\"m-neuron-gallery__thumbnail--link\">\n\t\t\t\t\t\t\t\t\t<div class=\"m-neuron-gallery__thumbnail\">\n\t\t\t\t\t\t\t\t\t\t<img decoding=\"async\" src=\"https:\/\/amniosarchitettura.it\/wp-content\/uploads\/2026\/01\/CASA-BLU-CASA-VACANZE_A14B.webp\" alt=\"pedana in legno per materassi e armadio essenziale per b and b\" \/>\n\t\t\t\t\t\t\t\t\t<\/div>\n\t\t\t\t\t\t\t\t\t\t\t\t\t\t\t\t\t<\/div>\n\t\t\t\t\t\t\t\t\n\t\t\t\t\t\t\t\t\n\t\t\t\t\t\t\t<\/div>\n\n\t\t\t\t\t\t<\/a>\n\n\t\t\t\t\t\t\n\t\t\t\t\t\t\t\t\t\t\t<a class=\"l-neuron-grid__item m-neuron-gallery__item\" data-elementor-open-lightbox=\"yes\" data-elementor-lightbox-slideshow=\"all-205a526\" data-id=\"4261\" href=\"https:\/\/amniosarchitettura.it\/wp-content\/uploads\/2026\/01\/CASA-BLU-CASA-VACANZE_A14A.webp\">\n\n\t\t\t\t\t\t\t<div class=\"m-neuron-gallery__inner\">\n\n\t\t\t\t\t\t\t\t\n\t\t\t\t\t\t\t\t<div class=\"m-neuron-gallery__thumbnail--link\">\n\t\t\t\t\t\t\t\t\t<div class=\"m-neuron-gallery__thumbnail\">\n\t\t\t\t\t\t\t\t\t\t<img decoding=\"async\" src=\"https:\/\/amniosarchitettura.it\/wp-content\/uploads\/2026\/01\/CASA-BLU-CASA-VACANZE_A14A.webp\" alt=\"Camera di una casa vacanza con letto e scrivania\" \/>\n\t\t\t\t\t\t\t\t\t<\/div>\n\t\t\t\t\t\t\t\t\t\t\t\t\t\t\t\t\t<\/div>\n\t\t\t\t\t\t\t\t\n\t\t\t\t\t\t\t\t\n\t\t\t\t\t\t\t<\/div>\n\n\t\t\t\t\t\t<\/a>\n\n\t\t\t\t\t\t\n\t\t\t\t\t\t\t\t\t\t\t<a class=\"l-neuron-grid__item m-neuron-gallery__item\" data-elementor-open-lightbox=\"yes\" data-elementor-lightbox-slideshow=\"all-205a526\" data-id=\"4260\" href=\"https:\/\/amniosarchitettura.it\/wp-content\/uploads\/2026\/01\/CASA-BLU-CASA-VACANZE_A12.webp\">\n\n\t\t\t\t\t\t\t<div class=\"m-neuron-gallery__inner\">\n\n\t\t\t\t\t\t\t\t\n\t\t\t\t\t\t\t\t<div class=\"m-neuron-gallery__thumbnail--link\">\n\t\t\t\t\t\t\t\t\t<div class=\"m-neuron-gallery__thumbnail\">\n\t\t\t\t\t\t\t\t\t\t<img decoding=\"async\" src=\"https:\/\/amniosarchitettura.it\/wp-content\/uploads\/2026\/01\/CASA-BLU-CASA-VACANZE_A12.webp\" alt=\"Scrivania ad angolo sospesa in legno per piccoli spazi con sedia bianca minimale e lampada a sospensione di design.\" \/>\n\t\t\t\t\t\t\t\t\t<\/div>\n\t\t\t\t\t\t\t\t\t\t\t\t\t\t\t\t\t<\/div>\n\t\t\t\t\t\t\t\t\n\t\t\t\t\t\t\t\t\n\t\t\t\t\t\t\t<\/div>\n\n\t\t\t\t\t\t<\/a>\n\n\t\t\t\t\t\t\n\t\t\t\t\t\t\t\t\t\t\t<a class=\"l-neuron-grid__item m-neuron-gallery__item\" data-elementor-open-lightbox=\"yes\" data-elementor-lightbox-slideshow=\"all-205a526\" data-id=\"4259\" href=\"https:\/\/amniosarchitettura.it\/wp-content\/uploads\/2026\/01\/CASA-BLU-CASA-VACANZE_A10.webp\">\n\n\t\t\t\t\t\t\t<div class=\"m-neuron-gallery__inner\">\n\n\t\t\t\t\t\t\t\t\n\t\t\t\t\t\t\t\t<div class=\"m-neuron-gallery__thumbnail--link\">\n\t\t\t\t\t\t\t\t\t<div class=\"m-neuron-gallery__thumbnail\">\n\t\t\t\t\t\t\t\t\t\t<img decoding=\"async\" src=\"https:\/\/amniosarchitettura.it\/wp-content\/uploads\/2026\/01\/CASA-BLU-CASA-VACANZE_A10.webp\" alt=\"Angolo home office minimale con scrivania sospesa in legno e sedia bianca in stanza luminosa.\" \/>\n\t\t\t\t\t\t\t\t\t<\/div>\n\t\t\t\t\t\t\t\t\t\t\t\t\t\t\t\t\t<\/div>\n\t\t\t\t\t\t\t\t\n\t\t\t\t\t\t\t\t\n\t\t\t\t\t\t\t<\/div>\n\n\t\t\t\t\t\t<\/a>\n\n\t\t\t\t\t\t\n\t\t\t\t\t\t\t\t\t\t\t<a class=\"l-neuron-grid__item m-neuron-gallery__item\" data-elementor-open-lightbox=\"yes\" data-elementor-lightbox-slideshow=\"all-205a526\" data-id=\"4258\" href=\"https:\/\/amniosarchitettura.it\/wp-content\/uploads\/2026\/01\/CASA-BLU-CASA-VACANZE_A9.webp\">\n\n\t\t\t\t\t\t\t<div class=\"m-neuron-gallery__inner\">\n\n\t\t\t\t\t\t\t\t\n\t\t\t\t\t\t\t\t<div class=\"m-neuron-gallery__thumbnail--link\">\n\t\t\t\t\t\t\t\t\t<div class=\"m-neuron-gallery__thumbnail\">\n\t\t\t\t\t\t\t\t\t\t<img decoding=\"async\" src=\"https:\/\/amniosarchitettura.it\/wp-content\/uploads\/2026\/01\/CASA-BLU-CASA-VACANZE_A9.webp\" alt=\"Bagno moderno monocromatico blu elettrico con lavabo bianco sospeso, box doccia in vetro e soffitto coordinato.\" \/>\n\t\t\t\t\t\t\t\t\t<\/div>\n\t\t\t\t\t\t\t\t\t\t\t\t\t\t\t\t\t<\/div>\n\t\t\t\t\t\t\t\t\n\t\t\t\t\t\t\t\t\n\t\t\t\t\t\t\t<\/div>\n\n\t\t\t\t\t\t<\/a>\n\n\t\t\t\t\t\t\n\t\t\t\t\t\t\t\t\t\t\t<a class=\"l-neuron-grid__item m-neuron-gallery__item\" data-elementor-open-lightbox=\"yes\" data-elementor-lightbox-slideshow=\"all-205a526\" data-id=\"4257\" href=\"https:\/\/amniosarchitettura.it\/wp-content\/uploads\/2026\/01\/CASA-BLU-CASA-VACANZE_A8.webp\">\n\n\t\t\t\t\t\t\t<div class=\"m-neuron-gallery__inner\">\n\n\t\t\t\t\t\t\t\t\n\t\t\t\t\t\t\t\t<div class=\"m-neuron-gallery__thumbnail--link\">\n\t\t\t\t\t\t\t\t\t<div class=\"m-neuron-gallery__thumbnail\">\n\t\t\t\t\t\t\t\t\t\t<img decoding=\"async\" src=\"https:\/\/amniosarchitettura.it\/wp-content\/uploads\/2026\/01\/CASA-BLU-CASA-VACANZE_A8.webp\" alt=\"Bagno moderno monocromatico blu elettrico con lavabo bianco sospeso, box doccia in vetro e soffitto coordinato.\" \/>\n\t\t\t\t\t\t\t\t\t<\/div>\n\t\t\t\t\t\t\t\t\t\t\t\t\t\t\t\t\t<\/div>\n\t\t\t\t\t\t\t\t\n\t\t\t\t\t\t\t\t\n\t\t\t\t\t\t\t<\/div>\n\n\t\t\t\t\t\t<\/a>\n\n\t\t\t\t\t\t\n\t\t\t\t\t\t\t\t\t\t\t<a class=\"l-neuron-grid__item m-neuron-gallery__item\" data-elementor-open-lightbox=\"yes\" data-elementor-lightbox-slideshow=\"all-205a526\" data-id=\"4256\" href=\"https:\/\/amniosarchitettura.it\/wp-content\/uploads\/2026\/01\/CASA-BLU-CASA-VACANZE_A7.webp\">\n\n\t\t\t\t\t\t\t<div class=\"m-neuron-gallery__inner\">\n\n\t\t\t\t\t\t\t\t\n\t\t\t\t\t\t\t\t<div class=\"m-neuron-gallery__thumbnail--link\">\n\t\t\t\t\t\t\t\t\t<div class=\"m-neuron-gallery__thumbnail\">\n\t\t\t\t\t\t\t\t\t\t<img decoding=\"async\" src=\"https:\/\/amniosarchitettura.it\/wp-content\/uploads\/2026\/01\/CASA-BLU-CASA-VACANZE_A7.webp\" alt=\"Bagno moderno blu elettrico in resina con lavabo bianco sospeso, box doccia in cristallo e specchio a filo muro.\" \/>\n\t\t\t\t\t\t\t\t\t<\/div>\n\t\t\t\t\t\t\t\t\t\t\t\t\t\t\t\t\t<\/div>\n\t\t\t\t\t\t\t\t\n\t\t\t\t\t\t\t\t\n\t\t\t\t\t\t\t<\/div>\n\n\t\t\t\t\t\t<\/a>\n\n\t\t\t\t\t\t\n\t\t\t\t\t\t\t\t\t\t\t<a class=\"l-neuron-grid__item m-neuron-gallery__item\" data-elementor-open-lightbox=\"yes\" data-elementor-lightbox-slideshow=\"all-205a526\" data-id=\"4255\" href=\"https:\/\/amniosarchitettura.it\/wp-content\/uploads\/2026\/01\/CASA-BLU-CASA-VACANZE_A5.webp\">\n\n\t\t\t\t\t\t\t<div class=\"m-neuron-gallery__inner\">\n\n\t\t\t\t\t\t\t\t\n\t\t\t\t\t\t\t\t<div class=\"m-neuron-gallery__thumbnail--link\">\n\t\t\t\t\t\t\t\t\t<div class=\"m-neuron-gallery__thumbnail\">\n\t\t\t\t\t\t\t\t\t\t<img decoding=\"async\" src=\"https:\/\/amniosarchitettura.it\/wp-content\/uploads\/2026\/01\/CASA-BLU-CASA-VACANZE_A5.webp\" alt=\"Arredo open space per casa vacanze con cucina blu monoblocco e divano coordinato su pavimento bianco.\" \/>\n\t\t\t\t\t\t\t\t\t<\/div>\n\t\t\t\t\t\t\t\t\t\t\t\t\t\t\t\t\t<\/div>\n\t\t\t\t\t\t\t\t\n\t\t\t\t\t\t\t\t\n\t\t\t\t\t\t\t<\/div>\n\n\t\t\t\t\t\t<\/a>\n\n\t\t\t\t\t\t\n\t\t\t\t\t\t\t\t\t\t\t<a class=\"l-neuron-grid__item m-neuron-gallery__item\" data-elementor-open-lightbox=\"yes\" data-elementor-lightbox-slideshow=\"all-205a526\" data-id=\"4254\" href=\"https:\/\/amniosarchitettura.it\/wp-content\/uploads\/2026\/01\/CASA-BLU-CASA-VACANZE_A4.webp\">\n\n\t\t\t\t\t\t\t<div class=\"m-neuron-gallery__inner\">\n\n\t\t\t\t\t\t\t\t\n\t\t\t\t\t\t\t\t<div class=\"m-neuron-gallery__thumbnail--link\">\n\t\t\t\t\t\t\t\t\t<div class=\"m-neuron-gallery__thumbnail\">\n\t\t\t\t\t\t\t\t\t\t<img decoding=\"async\" src=\"https:\/\/amniosarchitettura.it\/wp-content\/uploads\/2026\/01\/CASA-BLU-CASA-VACANZE_A4.webp\" alt=\"Cucina moderna monoblocco blu elettrico con nicchia bianca, faretti a soffitto e design minimalista per casa vacanze.\" \/>\n\t\t\t\t\t\t\t\t\t<\/div>\n\t\t\t\t\t\t\t\t\t\t\t\t\t\t\t\t\t<\/div>\n\t\t\t\t\t\t\t\t\n\t\t\t\t\t\t\t\t\n\t\t\t\t\t\t\t<\/div>\n\n\t\t\t\t\t\t<\/a>\n\n\t\t\t\t\t\t\n\t\t\t\t\t\t\t\t\t\t\t<a class=\"l-neuron-grid__item m-neuron-gallery__item\" data-elementor-open-lightbox=\"yes\" data-elementor-lightbox-slideshow=\"all-205a526\" data-id=\"4253\" href=\"https:\/\/amniosarchitettura.it\/wp-content\/uploads\/2026\/01\/CASA-BLU-CASA-VACANZE_A3.webp\">\n\n\t\t\t\t\t\t\t<div class=\"m-neuron-gallery__inner\">\n\n\t\t\t\t\t\t\t\t\n\t\t\t\t\t\t\t\t<div class=\"m-neuron-gallery__thumbnail--link\">\n\t\t\t\t\t\t\t\t\t<div class=\"m-neuron-gallery__thumbnail\">\n\t\t\t\t\t\t\t\t\t\t<img decoding=\"async\" src=\"https:\/\/amniosarchitettura.it\/wp-content\/uploads\/2026\/01\/CASA-BLU-CASA-VACANZE_A3.webp\" alt=\"Cucina moderna monoblocco blu elettrico con nicchia bianca, faretti a soffitto e design minimalista per casa vacanze.\" \/>\n\t\t\t\t\t\t\t\t\t<\/div>\n\t\t\t\t\t\t\t\t\t\t\t\t\t\t\t\t\t<\/div>\n\t\t\t\t\t\t\t\t\n\t\t\t\t\t\t\t\t\n\t\t\t\t\t\t\t<\/div>\n\n\t\t\t\t\t\t<\/a>\n\n\t\t\t\t\t\t\n\t\t\t\t\t\t\t\t\t<\/div>\n\n\t\t\t\t\t\t\t\t\t<\/div>\n\t\t\t\t<\/div>\n\t\t\t\t\t<\/div>\n\t\t<\/div>\n\t\t\t\t\t<\/div>\n\t\t<\/section>\n\t\t\t\t<\/div>","protected":false},"excerpt":{"rendered":"<p>L&#8217;appartamento nasce dal frazionamento di un immobile di 120 mq in zona Cipro, area strategica per il turismo romano, dando vita a due case vacanze indipendenti pensate per massimizzare redditivit\u00e0 e flessibilit\u00e0 gestionale. Casa Blu \u00e8 un bilocale per 3 persone, caratterizzato da un\u2019estetica essenziale e dal colore blu come filo conduttore, dove ogni elemento&#8230;<\/p>","protected":false},"author":1,"featured_media":4265,"comment_status":"closed","ping_status":"closed","template":"","meta":{"footnotes":""},"portfolio_category":[47],"portfolio_tag":[],"class_list":["post-4248","portfolio","type-portfolio","status-publish","has-post-thumbnail","hentry","portfolio_category-ospitalita"],"_links":{"self":[{"href":"https:\/\/amniosarchitettura.it\/en\/wp-json\/wp\/v2\/portfolio\/4248","targetHints":{"allow":["GET"]}}],"collection":[{"href":"https:\/\/amniosarchitettura.it\/en\/wp-json\/wp\/v2\/portfolio"}],"about":[{"href":"https:\/\/amniosarchitettura.it\/en\/wp-json\/wp\/v2\/types\/portfolio"}],"author":[{"embeddable":true,"href":"https:\/\/amniosarchitettura.it\/en\/wp-json\/wp\/v2\/users\/1"}],"replies":[{"embeddable":true,"href":"https:\/\/amniosarchitettura.it\/en\/wp-json\/wp\/v2\/comments?post=4248"}],"version-history":[{"count":22,"href":"https:\/\/amniosarchitettura.it\/en\/wp-json\/wp\/v2\/portfolio\/4248\/revisions"}],"predecessor-version":[{"id":5415,"href":"https:\/\/amniosarchitettura.it\/en\/wp-json\/wp\/v2\/portfolio\/4248\/revisions\/5415"}],"wp:featuredmedia":[{"embeddable":true,"href":"https:\/\/amniosarchitettura.it\/en\/wp-json\/wp\/v2\/media\/4265"}],"wp:attachment":[{"href":"https:\/\/amniosarchitettura.it\/en\/wp-json\/wp\/v2\/media?parent=4248"}],"wp:term":[{"taxonomy":"portfolio_category","embeddable":true,"href":"https:\/\/amniosarchitettura.it\/en\/wp-json\/wp\/v2\/portfolio_category?post=4248"},{"taxonomy":"portfolio_tag","embeddable":true,"href":"https:\/\/amniosarchitettura.it\/en\/wp-json\/wp\/v2\/portfolio_tag?post=4248"}],"curies":[{"name":"wp","href":"https:\/\/api.w.org\/{rel}","templated":true}]}}