{"id":1003,"date":"2022-07-29T13:09:54","date_gmt":"2022-07-29T13:09:54","guid":{"rendered":"https:\/\/neuronthemes.com\/conlectio\/?page_id=1003"},"modified":"2026-03-02T09:58:22","modified_gmt":"2026-03-02T09:58:22","slug":"progetti","status":"publish","type":"page","link":"https:\/\/amniosarchitettura.it\/en\/progetti\/","title":{"rendered":"Projects"},"content":{"rendered":"<div data-elementor-type=\"wp-page\" data-elementor-id=\"1003\" class=\"elementor elementor-1003\">\n\t\t\t\t\t\t<section class=\"elementor-section elementor-top-section elementor-element elementor-element-528d85a elementor-section-boxed elementor-section-height-default elementor-section-height-default\" data-id=\"528d85a\" data-element_type=\"section\">\n\t\t\t\t\t\t<div class=\"elementor-container elementor-column-gap-default\">\n\t\t\t\t\t<div class=\"elementor-column elementor-col-100 elementor-top-column elementor-element elementor-element-4b58eb5\" data-id=\"4b58eb5\" data-element_type=\"column\">\n\t\t\t<div class=\"elementor-widget-wrap elementor-element-populated\">\n\t\t\t\t\t\t<div class=\"elementor-element elementor-element-b231d0d l-neuron-grid-wrapper--columns__2 m-neuron-posts--layout-masonry l-neuron-grid-wrapper-tablet--columns__2 l-neuron-grid-wrapper-mobile--columns__1 l-neuron-grid-wrapper--offset-no elementor-invisible elementor-widget elementor-widget-neuron-posts\" data-id=\"b231d0d\" data-element_type=\"widget\" data-settings=\"{&quot;row_gap&quot;:{&quot;unit&quot;:&quot;px&quot;,&quot;size&quot;:40,&quot;sizes&quot;:[]},&quot;row_gap_tablet&quot;:{&quot;unit&quot;:&quot;px&quot;,&quot;size&quot;:42,&quot;sizes&quot;:[]},&quot;row_gap_mobile&quot;:{&quot;unit&quot;:&quot;px&quot;,&quot;size&quot;:32,&quot;sizes&quot;:[]},&quot;columns&quot;:&quot;2&quot;,&quot;layout&quot;:&quot;masonry&quot;,&quot;image_animation_hover&quot;:&quot;zoom-in&quot;,&quot;pagination&quot;:&quot;show-more&quot;,&quot;columns_tablet&quot;:&quot;2&quot;,&quot;columns_mobile&quot;:&quot;1&quot;,&quot;carousel&quot;:&quot;no&quot;,&quot;animation&quot;:&quot;yes&quot;,&quot;neuron_animations&quot;:&quot;h-neuron-animation--slideUp&quot;,&quot;neuron_animations_duration&quot;:&quot;animated&quot;,&quot;animation_delay&quot;:0}\" data-widget_type=\"neuron-posts.default\">\n\t\t\t\t<div class=\"elementor-widget-container\">\n\t\t\t\t\t\t\t<div class=\"m-neuron-filters\" aria-label=\"Filters\">\n\t\t\t<ul >\n\t\t\t\t\t\t\t\t\t<li class=\"m-neuron-filters__item active\" data-filter=\"*\">All Projects<\/li>\n\t\t\t\t\n\t\t\t\t\t\t\t\t\t<li class=\"m-neuron-filters__item\" data-filter=\"portfolio_category-residenziale\">Residential<\/li>\n\t\t\t\t\t\t\t\t\t<li class=\"m-neuron-filters__item\" data-filter=\"portfolio_category-ospitalita\">Hospitality<\/li>\n\t\t\t\t\t\t\t\t\t<li class=\"m-neuron-filters__item\" data-filter=\"portfolio_category-design\">Design<\/li>\n\t\t\t\t\t\t\t<\/ul>\n\t\t<\/div>\n\t\t\t\t\t\t\t\t<div class=\"l-neuron-grid\" data-masonry-id=\"e67081b930edcb67b7fe3a7e5f9552b6\">\n\t\t\t\t\t\t\t\t\t\t\t\t<article class=\"l-neuron-grid__item h-neuron-animation--wow m-neuron-post post-4805 portfolio type-portfolio status-publish has-post-thumbnail hentry portfolio_category-residenziale\" data-id=\"4805\">\n\t\t\t\t\t\t\t\t<div class=\"m-neuron-post__inner m-neuron-post__inner--classic\">\n        \n        <a class=\"m-neuron-post__thumbnail--link\" style=\"padding-bottom: 67%;\" href=\"https:\/\/amniosarchitettura.it\/en\/portfolio\/villino-ferrero-casa-minimal\/\"><div class=\"m-neuron-post__thumbnail\"><img fetchpriority=\"high\" decoding=\"async\" width=\"2000\" height=\"1333\" src=\"https:\/\/amniosarchitettura.it\/wp-content\/uploads\/2026\/02\/b.webp\" class=\"attachment-full size-full wp-post-image\" alt=\"\" srcset=\"https:\/\/amniosarchitettura.it\/wp-content\/uploads\/2026\/02\/b.webp 2000w, https:\/\/amniosarchitettura.it\/wp-content\/uploads\/2026\/02\/b-300x200.webp 300w, https:\/\/amniosarchitettura.it\/wp-content\/uploads\/2026\/02\/b-1024x682.webp 1024w, https:\/\/amniosarchitettura.it\/wp-content\/uploads\/2026\/02\/b-768x512.webp 768w, https:\/\/amniosarchitettura.it\/wp-content\/uploads\/2026\/02\/b-1536x1024.webp 1536w, https:\/\/amniosarchitettura.it\/wp-content\/uploads\/2026\/02\/b-18x12.webp 18w\" sizes=\"(max-width: 2000px) 100vw, 2000px\" \/><\/div><\/a><h6 class=\"m-neuron-post__title\"><a href=\"https:\/\/amniosarchitettura.it\/en\/portfolio\/villino-ferrero-casa-minimal\/\">Minimalist House in Rome (Villino Ferrero)<\/a><\/h6><span class=\"m-neuron-post__meta-data\"> <span class=\"terms\"> <a href=\"https:\/\/amniosarchitettura.it\/en\/portfolio_category\/residenziale\/\">Residential<\/a><\/span> <\/span>        \n    <\/div>\t\t\t\t\t\t\t<\/article>\n\t\t\t\t\t\t\t\t\t\t\t\t\t\t<article class=\"l-neuron-grid__item h-neuron-animation--wow m-neuron-post post-4298 portfolio type-portfolio status-publish has-post-thumbnail hentry portfolio_category-residenziale\" data-id=\"4298\">\n\t\t\t\t\t\t\t\t<div class=\"m-neuron-post__inner m-neuron-post__inner--classic\">\n        \n        <a class=\"m-neuron-post__thumbnail--link\" style=\"padding-bottom: 113%;\" href=\"https:\/\/amniosarchitettura.it\/en\/portfolio\/gli-esterni-dello-storico-villino-ferrero-giardino-e-facciata\/\"><div class=\"m-neuron-post__thumbnail\"><img decoding=\"async\" width=\"1777\" height=\"2000\" src=\"https:\/\/amniosarchitettura.it\/wp-content\/uploads\/2026\/01\/VILLINI-FERRERO-esterni_6.webp\" class=\"attachment-full size-full wp-post-image\" alt=\"facciata liberty villino storico\" srcset=\"https:\/\/amniosarchitettura.it\/wp-content\/uploads\/2026\/01\/VILLINI-FERRERO-esterni_6.webp 1777w, https:\/\/amniosarchitettura.it\/wp-content\/uploads\/2026\/01\/VILLINI-FERRERO-esterni_6-267x300.webp 267w, https:\/\/amniosarchitettura.it\/wp-content\/uploads\/2026\/01\/VILLINI-FERRERO-esterni_6-910x1024.webp 910w, https:\/\/amniosarchitettura.it\/wp-content\/uploads\/2026\/01\/VILLINI-FERRERO-esterni_6-768x864.webp 768w, https:\/\/amniosarchitettura.it\/wp-content\/uploads\/2026\/01\/VILLINI-FERRERO-esterni_6-1365x1536.webp 1365w\" sizes=\"(max-width: 1777px) 100vw, 1777px\" \/><\/div><\/a><h6 class=\"m-neuron-post__title\"><a href=\"https:\/\/amniosarchitettura.it\/en\/portfolio\/gli-esterni-dello-storico-villino-ferrero-giardino-e-facciata\/\">Outdoor Spaces and Garden in Rome (Villino Ferrero)<\/a><\/h6><span class=\"m-neuron-post__meta-data\"> <span class=\"terms\"> <a href=\"https:\/\/amniosarchitettura.it\/en\/portfolio_category\/residenziale\/\">Residential<\/a><\/span> <\/span>        \n    <\/div>\t\t\t\t\t\t\t<\/article>\n\t\t\t\t\t\t\t\t\t\t\t\t\t\t<article class=\"l-neuron-grid__item h-neuron-animation--wow m-neuron-post post-4568 portfolio type-portfolio status-publish has-post-thumbnail hentry portfolio_category-residenziale\" data-id=\"4568\">\n\t\t\t\t\t\t\t\t<div class=\"m-neuron-post__inner m-neuron-post__inner--classic\">\n        \n        <a class=\"m-neuron-post__thumbnail--link\" style=\"padding-bottom: 67%;\" href=\"https:\/\/amniosarchitettura.it\/en\/portfolio\/villino-ferrero-casa-liberty\/\"><div class=\"m-neuron-post__thumbnail\"><img decoding=\"async\" width=\"2000\" height=\"1333\" src=\"https:\/\/amniosarchitettura.it\/wp-content\/uploads\/2026\/02\/CasaLiberty2.webp\" class=\"attachment-full size-full wp-post-image\" alt=\"\" srcset=\"https:\/\/amniosarchitettura.it\/wp-content\/uploads\/2026\/02\/CasaLiberty2.webp 2000w, https:\/\/amniosarchitettura.it\/wp-content\/uploads\/2026\/02\/CasaLiberty2-300x200.webp 300w, https:\/\/amniosarchitettura.it\/wp-content\/uploads\/2026\/02\/CasaLiberty2-1024x682.webp 1024w, https:\/\/amniosarchitettura.it\/wp-content\/uploads\/2026\/02\/CasaLiberty2-768x512.webp 768w, https:\/\/amniosarchitettura.it\/wp-content\/uploads\/2026\/02\/CasaLiberty2-1536x1024.webp 1536w, https:\/\/amniosarchitettura.it\/wp-content\/uploads\/2026\/02\/CasaLiberty2-18x12.webp 18w\" sizes=\"(max-width: 2000px) 100vw, 2000px\" \/><\/div><\/a><h6 class=\"m-neuron-post__title\"><a href=\"https:\/\/amniosarchitettura.it\/en\/portfolio\/villino-ferrero-casa-liberty\/\">Art Nouveau Residence in Rome (Villino Ferrero)<\/a><\/h6><span class=\"m-neuron-post__meta-data\"> <span class=\"terms\"> <a href=\"https:\/\/amniosarchitettura.it\/en\/portfolio_category\/residenziale\/\">Residential<\/a><\/span> <\/span>        \n    <\/div>\t\t\t\t\t\t\t<\/article>\n\t\t\t\t\t\t\t\t\t\t\t\t\t\t<article class=\"l-neuron-grid__item h-neuron-animation--wow m-neuron-post post-4486 portfolio type-portfolio status-publish has-post-thumbnail hentry portfolio_category-ospitalita\" data-id=\"4486\">\n\t\t\t\t\t\t\t\t<div class=\"m-neuron-post__inner m-neuron-post__inner--classic\">\n        \n        <a class=\"m-neuron-post__thumbnail--link\" style=\"padding-bottom: 67%;\" href=\"https:\/\/amniosarchitettura.it\/en\/portfolio\/villino-ferrero-casa-giardino\/\"><div class=\"m-neuron-post__thumbnail\"><img loading=\"lazy\" decoding=\"async\" width=\"2000\" height=\"1333\" src=\"https:\/\/amniosarchitettura.it\/wp-content\/uploads\/2026\/02\/Villino-Ferrero_-Casa-Giardino_a.webp\" class=\"attachment-full size-full wp-post-image\" alt=\"\" srcset=\"https:\/\/amniosarchitettura.it\/wp-content\/uploads\/2026\/02\/Villino-Ferrero_-Casa-Giardino_a.webp 2000w, https:\/\/amniosarchitettura.it\/wp-content\/uploads\/2026\/02\/Villino-Ferrero_-Casa-Giardino_a-300x200.webp 300w, https:\/\/amniosarchitettura.it\/wp-content\/uploads\/2026\/02\/Villino-Ferrero_-Casa-Giardino_a-1024x682.webp 1024w, https:\/\/amniosarchitettura.it\/wp-content\/uploads\/2026\/02\/Villino-Ferrero_-Casa-Giardino_a-768x512.webp 768w, https:\/\/amniosarchitettura.it\/wp-content\/uploads\/2026\/02\/Villino-Ferrero_-Casa-Giardino_a-1536x1024.webp 1536w, https:\/\/amniosarchitettura.it\/wp-content\/uploads\/2026\/02\/Villino-Ferrero_-Casa-Giardino_a-18x12.webp 18w\" sizes=\"(max-width: 2000px) 100vw, 2000px\" \/><\/div><\/a><h6 class=\"m-neuron-post__title\"><a href=\"https:\/\/amniosarchitettura.it\/en\/portfolio\/villino-ferrero-casa-giardino\/\">Boutique Holiday Home: Art Nouveau &amp; Garden in Rome (Villino Ferrero)<\/a><\/h6><span class=\"m-neuron-post__meta-data\"> <span class=\"terms\"> <a href=\"https:\/\/amniosarchitettura.it\/en\/portfolio_category\/ospitalita\/\">Hospitality<\/a><\/span> <\/span>        \n    <\/div>\t\t\t\t\t\t\t<\/article>\n\t\t\t\t\t\t\t\t\t\t\t\t\t\t<article class=\"l-neuron-grid__item h-neuron-animation--wow m-neuron-post post-4248 portfolio type-portfolio status-publish has-post-thumbnail hentry portfolio_category-ospitalita\" data-id=\"4248\">\n\t\t\t\t\t\t\t\t<div class=\"m-neuron-post__inner m-neuron-post__inner--classic\">\n        \n        <a class=\"m-neuron-post__thumbnail--link\" style=\"padding-bottom: 150%;\" href=\"https:\/\/amniosarchitettura.it\/en\/portfolio\/casa-blu-casa-vacanze-a-roma\/\"><div class=\"m-neuron-post__thumbnail\"><img loading=\"lazy\" decoding=\"async\" width=\"1280\" height=\"1920\" src=\"https:\/\/amniosarchitettura.it\/wp-content\/uploads\/2026\/01\/CASA-BLU-CASA-VACANZE_A1.webp\" class=\"attachment-full size-full wp-post-image\" alt=\"Cucina e zona pranzo di una casa vacanza di design a Roma\" srcset=\"https:\/\/amniosarchitettura.it\/wp-content\/uploads\/2026\/01\/CASA-BLU-CASA-VACANZE_A1.webp 1280w, https:\/\/amniosarchitettura.it\/wp-content\/uploads\/2026\/01\/CASA-BLU-CASA-VACANZE_A1-200x300.webp 200w, https:\/\/amniosarchitettura.it\/wp-content\/uploads\/2026\/01\/CASA-BLU-CASA-VACANZE_A1-683x1024.webp 683w, https:\/\/amniosarchitettura.it\/wp-content\/uploads\/2026\/01\/CASA-BLU-CASA-VACANZE_A1-768x1152.webp 768w, https:\/\/amniosarchitettura.it\/wp-content\/uploads\/2026\/01\/CASA-BLU-CASA-VACANZE_A1-1024x1536.webp 1024w\" sizes=\"(max-width: 1280px) 100vw, 1280px\" \/><\/div><\/a><h6 class=\"m-neuron-post__title\"><a href=\"https:\/\/amniosarchitettura.it\/en\/portfolio\/casa-blu-casa-vacanze-a-roma\/\">Blue House: Holiday Home in Rome<\/a><\/h6><span class=\"m-neuron-post__meta-data\"> <span class=\"terms\"> <a href=\"https:\/\/amniosarchitettura.it\/en\/portfolio_category\/ospitalita\/\">Hospitality<\/a><\/span> <\/span>        \n    <\/div>\t\t\t\t\t\t\t<\/article>\n\t\t\t\t\t\t\t\t\t\t\t\t\t\t<article class=\"l-neuron-grid__item h-neuron-animation--wow m-neuron-post post-4283 portfolio type-portfolio status-publish has-post-thumbnail hentry portfolio_category-ospitalita\" data-id=\"4283\">\n\t\t\t\t\t\t\t\t<div class=\"m-neuron-post__inner m-neuron-post__inner--classic\">\n        \n        <a class=\"m-neuron-post__thumbnail--link\" style=\"padding-bottom: 150%;\" href=\"https:\/\/amniosarchitettura.it\/en\/portfolio\/casa-verde-casa-vacanze-roma-progetto-architettura\/\"><div class=\"m-neuron-post__thumbnail\"><img loading=\"lazy\" decoding=\"async\" width=\"1280\" height=\"1920\" src=\"https:\/\/amniosarchitettura.it\/wp-content\/uploads\/2026\/01\/A.webp\" class=\"attachment-full size-full wp-post-image\" alt=\"\" srcset=\"https:\/\/amniosarchitettura.it\/wp-content\/uploads\/2026\/01\/A.webp 1280w, https:\/\/amniosarchitettura.it\/wp-content\/uploads\/2026\/01\/A-200x300.webp 200w, https:\/\/amniosarchitettura.it\/wp-content\/uploads\/2026\/01\/A-683x1024.webp 683w, https:\/\/amniosarchitettura.it\/wp-content\/uploads\/2026\/01\/A-768x1152.webp 768w, https:\/\/amniosarchitettura.it\/wp-content\/uploads\/2026\/01\/A-1024x1536.webp 1024w, https:\/\/amniosarchitettura.it\/wp-content\/uploads\/2026\/01\/A-8x12.webp 8w\" sizes=\"(max-width: 1280px) 100vw, 1280px\" \/><\/div><\/a><h6 class=\"m-neuron-post__title\"><a href=\"https:\/\/amniosarchitettura.it\/en\/portfolio\/casa-verde-casa-vacanze-roma-progetto-architettura\/\">Green House: Holiday Home in Rome<\/a><\/h6><span class=\"m-neuron-post__meta-data\"> <span class=\"terms\"> <a href=\"https:\/\/amniosarchitettura.it\/en\/portfolio_category\/ospitalita\/\">Hospitality<\/a><\/span> <\/span>        \n    <\/div>\t\t\t\t\t\t\t<\/article>\n\t\t\t\t\t\t\t\t\t\t\t\t\t\t<article class=\"l-neuron-grid__item h-neuron-animation--wow m-neuron-post post-4228 portfolio type-portfolio status-publish has-post-thumbnail hentry portfolio_category-design\" data-id=\"4228\">\n\t\t\t\t\t\t\t\t<div class=\"m-neuron-post__inner m-neuron-post__inner--classic\">\n        \n        <a class=\"m-neuron-post__thumbnail--link\" style=\"padding-bottom: 67%;\" href=\"https:\/\/amniosarchitettura.it\/en\/portfolio\/stringhe-sistemi-di-arredo-continui\/\"><div class=\"m-neuron-post__thumbnail\"><img loading=\"lazy\" decoding=\"async\" width=\"2000\" height=\"1333\" src=\"https:\/\/amniosarchitettura.it\/wp-content\/uploads\/2026\/01\/STRINGHE-_-SISTEMI-DI-ARREDO-CONTINUI_A.webp\" class=\"attachment-full size-full wp-post-image\" alt=\"Arredo su misura in legno, vetro e acciaio in un salone storico con affreschi e pavimento in legno intarsiato.\" srcset=\"https:\/\/amniosarchitettura.it\/wp-content\/uploads\/2026\/01\/STRINGHE-_-SISTEMI-DI-ARREDO-CONTINUI_A.webp 2000w, https:\/\/amniosarchitettura.it\/wp-content\/uploads\/2026\/01\/STRINGHE-_-SISTEMI-DI-ARREDO-CONTINUI_A-300x200.webp 300w, https:\/\/amniosarchitettura.it\/wp-content\/uploads\/2026\/01\/STRINGHE-_-SISTEMI-DI-ARREDO-CONTINUI_A-1024x682.webp 1024w, https:\/\/amniosarchitettura.it\/wp-content\/uploads\/2026\/01\/STRINGHE-_-SISTEMI-DI-ARREDO-CONTINUI_A-768x512.webp 768w, https:\/\/amniosarchitettura.it\/wp-content\/uploads\/2026\/01\/STRINGHE-_-SISTEMI-DI-ARREDO-CONTINUI_A-1536x1024.webp 1536w\" sizes=\"(max-width: 2000px) 100vw, 2000px\" \/><\/div><\/a><h6 class=\"m-neuron-post__title\"><a href=\"https:\/\/amniosarchitettura.it\/en\/portfolio\/stringhe-sistemi-di-arredo-continui\/\">Stringhe Collection: Continuous Designer Furniture<\/a><\/h6><span class=\"m-neuron-post__meta-data\"> <span class=\"terms\"> <a href=\"https:\/\/amniosarchitettura.it\/en\/portfolio_category\/design\/\">Design<\/a><\/span> <\/span>        \n    <\/div>\t\t\t\t\t\t\t<\/article>\n\t\t\t\t\t\t\t\t\t\t\t\t\t\t<article class=\"l-neuron-grid__item h-neuron-animation--wow m-neuron-post post-112 portfolio type-portfolio status-publish has-post-thumbnail hentry portfolio_category-design\" data-id=\"112\">\n\t\t\t\t\t\t\t\t<div class=\"m-neuron-post__inner m-neuron-post__inner--classic\">\n        \n        <a class=\"m-neuron-post__thumbnail--link\" style=\"padding-bottom: 67%;\" href=\"https:\/\/amniosarchitettura.it\/en\/portfolio\/lama-tavolo-e-leggerezza\/\"><div class=\"m-neuron-post__thumbnail\"><img loading=\"lazy\" decoding=\"async\" width=\"2000\" height=\"1333\" src=\"https:\/\/amniosarchitettura.it\/wp-content\/uploads\/2026\/01\/Barnocchi_0152_Ph-Serena-Eller-Vainicher-HDR.webp\" class=\"attachment-full size-full wp-post-image\" alt=\"Tavolo da pranzo minimalista in legno di rovere e acciaio in un interno moderno con parquet a spina di pesce\" srcset=\"https:\/\/amniosarchitettura.it\/wp-content\/uploads\/2026\/01\/Barnocchi_0152_Ph-Serena-Eller-Vainicher-HDR.webp 2000w, https:\/\/amniosarchitettura.it\/wp-content\/uploads\/2026\/01\/Barnocchi_0152_Ph-Serena-Eller-Vainicher-HDR-300x200.webp 300w, https:\/\/amniosarchitettura.it\/wp-content\/uploads\/2026\/01\/Barnocchi_0152_Ph-Serena-Eller-Vainicher-HDR-1024x682.webp 1024w, https:\/\/amniosarchitettura.it\/wp-content\/uploads\/2026\/01\/Barnocchi_0152_Ph-Serena-Eller-Vainicher-HDR-768x512.webp 768w, https:\/\/amniosarchitettura.it\/wp-content\/uploads\/2026\/01\/Barnocchi_0152_Ph-Serena-Eller-Vainicher-HDR-1536x1024.webp 1536w\" sizes=\"(max-width: 2000px) 100vw, 2000px\" \/><\/div><\/a><h6 class=\"m-neuron-post__title\"><a href=\"https:\/\/amniosarchitettura.it\/en\/portfolio\/lama-tavolo-e-leggerezza\/\">Lama: Tapered designer table<\/a><\/h6><span class=\"m-neuron-post__meta-data\"> <span class=\"terms\"> <a href=\"https:\/\/amniosarchitettura.it\/en\/portfolio_category\/design\/\">Design<\/a><\/span> <\/span>        \n    <\/div>\t\t\t\t\t\t\t<\/article>\n\t\t\t\t\t\t\t\t\t\t\t\t\t\t<article class=\"l-neuron-grid__item h-neuron-animation--wow m-neuron-post post-4616 portfolio type-portfolio status-publish has-post-thumbnail hentry portfolio_category-ospitalita\" data-id=\"4616\">\n\t\t\t\t\t\t\t\t<div class=\"m-neuron-post__inner m-neuron-post__inner--classic\">\n        \n        <a class=\"m-neuron-post__thumbnail--link\" style=\"padding-bottom: 75%;\" href=\"https:\/\/amniosarchitettura.it\/en\/portfolio\/locazione-turistica-roma\/\"><div class=\"m-neuron-post__thumbnail\"><img loading=\"lazy\" decoding=\"async\" width=\"1920\" height=\"1440\" src=\"https:\/\/amniosarchitettura.it\/wp-content\/uploads\/2026\/02\/locazione-turistica-Roma.webp\" class=\"attachment-full size-full wp-post-image\" alt=\"\" srcset=\"https:\/\/amniosarchitettura.it\/wp-content\/uploads\/2026\/02\/locazione-turistica-Roma.webp 1920w, https:\/\/amniosarchitettura.it\/wp-content\/uploads\/2026\/02\/locazione-turistica-Roma-300x225.webp 300w, https:\/\/amniosarchitettura.it\/wp-content\/uploads\/2026\/02\/locazione-turistica-Roma-1024x768.webp 1024w, https:\/\/amniosarchitettura.it\/wp-content\/uploads\/2026\/02\/locazione-turistica-Roma-768x576.webp 768w, https:\/\/amniosarchitettura.it\/wp-content\/uploads\/2026\/02\/locazione-turistica-Roma-1536x1152.webp 1536w, https:\/\/amniosarchitettura.it\/wp-content\/uploads\/2026\/02\/locazione-turistica-Roma-16x12.webp 16w\" sizes=\"(max-width: 1920px) 100vw, 1920px\" \/><\/div><\/a><h6 class=\"m-neuron-post__title\"><a href=\"https:\/\/amniosarchitettura.it\/en\/portfolio\/locazione-turistica-roma\/\">Villa Pratolauro: Green Retreat in Rome<\/a><\/h6><span class=\"m-neuron-post__meta-data\"> <span class=\"terms\"> <a href=\"https:\/\/amniosarchitettura.it\/en\/portfolio_category\/ospitalita\/\">Hospitality<\/a><\/span> <\/span>        \n    <\/div>\t\t\t\t\t\t\t<\/article>\n\t\t\t\t\t\t\t\t\t\t\t\t\t\t<article class=\"l-neuron-grid__item h-neuron-animation--wow m-neuron-post post-4646 portfolio type-portfolio status-publish has-post-thumbnail hentry portfolio_category-ospitalita\" data-id=\"4646\">\n\t\t\t\t\t\t\t\t<div class=\"m-neuron-post__inner m-neuron-post__inner--classic\">\n        \n        <a class=\"m-neuron-post__thumbnail--link\" style=\"padding-bottom: 86%;\" href=\"https:\/\/amniosarchitettura.it\/en\/portfolio\/station-to-station-affittacamere-a-roma-termini-copy\/\"><div class=\"m-neuron-post__thumbnail\"><img loading=\"lazy\" decoding=\"async\" width=\"2560\" height=\"2194\" src=\"https:\/\/amniosarchitettura.it\/wp-content\/uploads\/2026\/01\/STATION-TO-STATION-AFFITTACAMERE_M-scaled.webp\" class=\"attachment-full size-full wp-post-image\" alt=\"\" srcset=\"https:\/\/amniosarchitettura.it\/wp-content\/uploads\/2026\/01\/STATION-TO-STATION-AFFITTACAMERE_M-scaled.webp 2560w, https:\/\/amniosarchitettura.it\/wp-content\/uploads\/2026\/01\/STATION-TO-STATION-AFFITTACAMERE_M-300x257.webp 300w, https:\/\/amniosarchitettura.it\/wp-content\/uploads\/2026\/01\/STATION-TO-STATION-AFFITTACAMERE_M-1024x878.webp 1024w, https:\/\/amniosarchitettura.it\/wp-content\/uploads\/2026\/01\/STATION-TO-STATION-AFFITTACAMERE_M-768x658.webp 768w, https:\/\/amniosarchitettura.it\/wp-content\/uploads\/2026\/01\/STATION-TO-STATION-AFFITTACAMERE_M-1536x1317.webp 1536w, https:\/\/amniosarchitettura.it\/wp-content\/uploads\/2026\/01\/STATION-TO-STATION-AFFITTACAMERE_M-2048x1755.webp 2048w\" sizes=\"(max-width: 2560px) 100vw, 2560px\" \/><\/div><\/a><h6 class=\"m-neuron-post__title\"><a href=\"https:\/\/amniosarchitettura.it\/en\/portfolio\/station-to-station-affittacamere-a-roma-termini-copy\/\">Station to Station: Guest House in Rome<\/a><\/h6><span class=\"m-neuron-post__meta-data\"> <span class=\"terms\"> <a href=\"https:\/\/amniosarchitettura.it\/en\/portfolio_category\/ospitalita\/\">Hospitality<\/a><\/span> <\/span>        \n    <\/div>\t\t\t\t\t\t\t<\/article>\n\t\t\t\t\t\t\t\t\t\t\t<\/div>\n\t\t\t\n\t\t\t\t\t\t<\/div>\n\t\t\t\t<\/div>\n\t\t\t\t\t<\/div>\n\t\t<\/div>\n\t\t\t\t\t<\/div>\n\t\t<\/section>\n\t\t\t\t<\/div>","protected":false},"excerpt":{"rendered":"<p>Tutti i progetti Residenziale Ospitalit\u00e0 Design Villino Ferrero: Casa Minimal Residenziale Gli esterni del Villino Ferrero: giardino e facciata Residenziale Villino Ferrero: Casa Liberty Residenziale Villino Ferrero: Casa Giardino Ospitalit\u00e0 Casa Blu: casa vacanze a Roma Ospitalit\u00e0 Casa Verde: casa vacanze a Roma Ospitalit\u00e0 Stringhe: sistemi di arredo continui Design Lama: tavolo e leggerezza Design&#8230;<\/p>","protected":false},"author":1,"featured_media":0,"parent":0,"menu_order":0,"comment_status":"closed","ping_status":"closed","template":"","meta":{"footnotes":""},"class_list":["post-1003","page","type-page","status-publish","hentry"],"_links":{"self":[{"href":"https:\/\/amniosarchitettura.it\/en\/wp-json\/wp\/v2\/pages\/1003","targetHints":{"allow":["GET"]}}],"collection":[{"href":"https:\/\/amniosarchitettura.it\/en\/wp-json\/wp\/v2\/pages"}],"about":[{"href":"https:\/\/amniosarchitettura.it\/en\/wp-json\/wp\/v2\/types\/page"}],"author":[{"embeddable":true,"href":"https:\/\/amniosarchitettura.it\/en\/wp-json\/wp\/v2\/users\/1"}],"replies":[{"embeddable":true,"href":"https:\/\/amniosarchitettura.it\/en\/wp-json\/wp\/v2\/comments?post=1003"}],"version-history":[{"count":23,"href":"https:\/\/amniosarchitettura.it\/en\/wp-json\/wp\/v2\/pages\/1003\/revisions"}],"predecessor-version":[{"id":5649,"href":"https:\/\/amniosarchitettura.it\/en\/wp-json\/wp\/v2\/pages\/1003\/revisions\/5649"}],"wp:attachment":[{"href":"https:\/\/amniosarchitettura.it\/en\/wp-json\/wp\/v2\/media?parent=1003"}],"curies":[{"name":"wp","href":"https:\/\/api.w.org\/{rel}","templated":true}]}}